{"id":18387,"date":"2026-01-13T13:59:05","date_gmt":"2026-01-13T12:59:05","guid":{"rendered":"https:\/\/zillinger4vienna.at\/?post_type=tribe_events&#038;p=18387"},"modified":"2026-02-20T21:46:43","modified_gmt":"2026-02-20T20:46:43","slug":"die-osmanen-1683-vor-wien-denkmaeler-wehrgaenge-befestigungen","status":"publish","type":"tribe_events","link":"https:\/\/zillinger4vienna.at\/en\/fuehrung\/die-osmanen-1683-vor-wien-denkmaeler-wehrgaenge-befestigungen\/","title":{"rendered":"Die Osmanen 1683 vor Wien: Denkm\u00e4ler, Wehrg\u00e4nge, Befestigungen"},"content":{"rendered":"<div class=\"tribe-events-schedule tribe-clearfix\">\n\t<h2 class=\"tribe-events-schedule__datetime\">\n\t\t<span class=\"tribe-events-schedule__date tribe-events-schedule__date--start\">\n\t\t\t17. July\t\t<\/span>\n\n\t\t\t\t\t<span class=\"tribe-events-schedule__separator tribe-events-schedule__separator--date\">\n\t\t\t\t  \/  \t\t\t<\/span>\n\t\t\t<span class=\"tribe-events-schedule__time tribe-events-schedule__time--start\">\n\t\t\t\t10:00\t\t\t<\/span>\n\t\t\n\t\t\t\t\t\t\t\t\t<span class=\"tribe-events-schedule__separator tribe-events-schedule__separator--time\">\n\t\t\t\t\t \u2012 \t\t\t\t<\/span>\n\t\t\t\n\t\t\t\t\t\t\t<span class=\"tribe-events-schedule__time tribe-events-schedule__time--end\">\n\t\t\t\t\t12:00\t\t\t\t<\/span>\n\t\t\t\n\t\t\t\t\t\t<\/h2>\n<\/div>\n\n\n\n<p>Treffpunkt: Tourist-Info<\/p>\n\n\n<div class=\"tribe-block tribe-block__event-price\">\n\t\t<\/div>\n\n\n\n\n<div class=\"tribe-block tribe-block__venue tribe-block__venue--has-map\">\n\t\n\t\n<div class=\"tribe-block__venue__meta\">\n\t<div class=\"tribe-block__venue__name\">\n\t\t<h3><a href=\"https:\/\/zillinger4vienna.at\/en\/venue\/tourist-info\/\" title=\"Tourist-Info\">Tourist-Info<\/a><\/h3>\n\t<\/div>\n\n\t\n\t\t\t<address class=\"tribe-block__venue__address\">\n\t\t\t<span class=\"tribe-address\">\n\n<span class=\"tribe-street-address\">Albertinaplatz 1<\/span>\n\t\n\t\t<br>\n\t\t<span class=\"tribe-locality\">Wien<\/span><span class=\"tribe-delimiter\">,<\/span>\n\n\n\t<span class=\"tribe-postal-code\">1010<\/span>\n\n\t<span class=\"tribe-country-name\">\u00d6sterreich<\/span>\n\n<\/span>\n\n\t\t\t\t\t\t\t<a class=\"tribe-events-gmap\" href=\"https:\/\/maps.google.com\/maps?f=q&#038;source=s_q&#038;hl=en&#038;geocode=&#038;q=Albertinaplatz+1+Wien+1010+%C3%96sterreich\" title=\"Click to view a Google Map\" target=\"_blank\" rel=\"noreferrer noopener\">+ Google Map<\/a>\t\t\t\t\t<\/address>\n\t\n\t\n\t\n\t<\/div>\n\t\n<div class=\"tribe-block__venue__map\">\n\t\n<iframe loading=\"lazy\"\n  width=\"100%\"\n  height=\"350px\"\n  frameborder=\"0\" style=\"border:0\"\n  src=\"https:\/\/www.google.com\/maps\/embed\/v1\/place?key=AIzaSyDNsicAsP6-VuGtAb1O9riI3oc_NOb7IOU&#038;q=Albertinaplatz+1+Wien+1010+%C3%96sterreich+\" allowfullscreen>\n<\/iframe><\/div>\n\n\t<\/div>\n\n\n\n\n<div class=\"tribe-block tribe-block__events-link\">\n\n\t\t\t<div class=\"tribe-block__btn--link tribe-block__events-gcal\">\n\t\t\t<a\n\t\t\t\thref=\"https:\/\/www.google.com\/calendar\/event?action=TEMPLATE&#038;dates=20260717T100000\/20260717T120000&#038;text=Die%20Osmanen%201683%20vor%20Wien%3A%20Denkm%C3%A4ler%2C%20Wehrg%C3%A4nge%2C%20Befestigungen&#038;details=%3C%21--+wp%3Atribe%2Fevent-datetime+%2F--%3E%3C%21--+wp%3Aparagraph+%7B%22placeholder%22%3A%22Beschreibung+hinzuf%C3%BCgen...%22%7D+--%3E%3Cp%3ETreffpunkt%3A+Tourist-Info%3C%2Fp%3E%3C%21--+%2Fwp%3Aparagraph+--%3E%3C%21--+wp%3Atribe%2Fevent-price+%2F--%3E%3C%21--+wp%3Atribe%2Fevent-organizer+%2F--%3E%3C%21--+wp%3Atribe%2Fevent-venue+%2F--%3E%3C%21--+wp%3Atribe%2Fevent-website+%2F--%3E%3C%21--+wp%3Atribe%2Fevent-links+%2F--%3E&#038;location=Tourist-Info,%20Albertinaplatz%201,%20Wien,%201010,%20\u00d6sterreich&#038;trp=false&#038;ctz=Europe\/Berlin&#038;sprop=website:https:\/\/zillinger4vienna.at\/en\"\n\t\t\t\ttarget=\"_blank\"\n\t\t\t\trel=\"noopener noreferrer nofollow\"\n\t\t\t\ttitle=\"Add to Google Calendar\"\n\t\t\t>\n\t\t\t\t<img decoding=\"async\" src=\"https:\/\/zillinger4vienna.at\/wp-content\/plugins\/the-events-calendar\/common\/src\/modules\/icons\/link.svg\" \/>\n\t\t\t\tAdd to Google Calendar\t\t\t<\/a>\n\t\t<\/div>\n\t\n\t\t\t<div class=\"tribe-block__btn--link tribe-block__events-ical\">\n\t\t\t<a\n\t\t\t\thref=\"https:\/\/zillinger4vienna.at\/en\/fuehrung\/die-osmanen-1683-vor-wien-denkmaeler-wehrgaenge-befestigungen\/?ical=1\"\n\t\t\t\trel=\"noopener noreferrer nofollow\"\n\t\t\t\ttitle=\"Add to iCalendar\"\n\t\t\t>\n\t\t\t\t<img decoding=\"async\" src=\"https:\/\/zillinger4vienna.at\/wp-content\/plugins\/the-events-calendar\/common\/src\/modules\/icons\/link.svg\" \/>\n\t\t\t\tAdd to iCalendar\t\t\t<\/a>\n\t\t<\/div>\n\t\n<\/div>\n\n","protected":false},"excerpt":{"rendered":"<p>Treffpunkt: Tourist-Info<\/p>\n","protected":false},"author":1,"featured_media":16470,"comment_status":"closed","ping_status":"closed","template":"","meta":{"_EventAllDay":false,"_EventTimezone":"Europe\/Berlin","_EventStartDate":"2026-07-17 10:00:00","_EventEndDate":"2026-07-17 12:00:00","_EventStartDateUTC":"2026-07-17 08:00:00","_EventEndDateUTC":"2026-07-17 10:00:00","_EventShowMap":true,"_EventShowMapLink":true,"_EventURL":"","_EventCost":"","_EventCostDescription":"","_EventCurrencySymbol":"\u20ac","_EventCurrencyCode":"USD","_EventCurrencyPosition":"suffix","_EventDateTimeSeparator":"  \/  ","_EventTimeRangeSeparator":" \u2012 ","_EventOrganizerID":[],"_EventVenueID":15033,"_OrganizerEmail":"","_OrganizerPhone":"","_OrganizerWebsite":"","_VenueAddress":"","_VenueCity":"","_VenueCountry":"","_VenueProvince":"","_VenueZip":"","_VenuePhone":"","_VenueURL":"","_VenueStateProvince":"","_VenueLat":"","_VenueLng":"","footnotes":""},"tags":[],"tribe_events_cat":[59,21,24],"class_list":["post-18387","tribe_events","type-tribe_events","status-publish","has-post-thumbnail","hentry","tribe_events_cat-geschichte","tribe_events_cat-stadtspaziergang","tribe_events_cat-zu-fuss","cat_geschichte","cat_stadtspaziergang","cat_zu-fuss"],"yoast_head":"<!-- This site is optimized with the Yoast SEO plugin v25.0 - https:\/\/yoast.com\/wordpress\/plugins\/seo\/ -->\n<title>Die Osmanen 1683 vor Wien: Denkm\u00e4ler, Wehrg\u00e4nge, Befestigungen - Zillinger4Vienna<\/title>\n<meta name=\"description\" content=\"Stadtf\u00fchrung mit dem Historiker Mag. Karl Zillinger zur Zweiten Wiener T\u00fcrkenbelagerung 1683 - kommen Sie vorbei und erleben Sie Geschichte aus heutiger Perspektive.\" \/>\n<meta name=\"robots\" content=\"index, follow, max-snippet:-1, max-image-preview:large, max-video-preview:-1\" \/>\n<link rel=\"canonical\" href=\"https:\/\/zillinger4vienna.at\/en\/fuehrung\/die-osmanen-1683-vor-wien-denkmaeler-wehrgaenge-befestigungen\/\" \/>\n<meta property=\"og:locale\" content=\"en_GB\" \/>\n<meta property=\"og:type\" content=\"article\" \/>\n<meta property=\"og:title\" content=\"Die Osmanen 1683 vor Wien: Denkm\u00e4ler, Wehrg\u00e4nge, Befestigungen - Zillinger4Vienna\" \/>\n<meta property=\"og:description\" content=\"Stadtf\u00fchrung mit dem Historiker Mag. Karl Zillinger zur Zweiten Wiener T\u00fcrkenbelagerung 1683 - kommen Sie vorbei und erleben Sie Geschichte aus heutiger Perspektive.\" \/>\n<meta property=\"og:url\" content=\"https:\/\/zillinger4vienna.at\/en\/fuehrung\/die-osmanen-1683-vor-wien-denkmaeler-wehrgaenge-befestigungen\/\" \/>\n<meta property=\"og:site_name\" content=\"Zillinger4Vienna\" \/>\n<meta property=\"article:modified_time\" content=\"2026-02-20T20:46:43+00:00\" \/>\n<meta property=\"og:image\" content=\"https:\/\/zillinger4vienna.at\/wp-content\/uploads\/2021\/02\/2048px-Battle_of_Vienna_1683_by_Jozef_Brandt.png\" \/>\n\t<meta property=\"og:image:width\" content=\"1000\" \/>\n\t<meta property=\"og:image:height\" content=\"424\" \/>\n\t<meta property=\"og:image:type\" content=\"image\/png\" \/>\n<meta name=\"twitter:card\" content=\"summary_large_image\" \/>\n<meta name=\"twitter:label1\" content=\"Estimated reading time\" \/>\n\t<meta name=\"twitter:data1\" content=\"1 minute\" \/>\n<script type=\"application\/ld+json\" class=\"yoast-schema-graph\">{\"@context\":\"https:\/\/schema.org\",\"@graph\":[{\"@type\":\"WebPage\",\"@id\":\"https:\/\/zillinger4vienna.at\/fuehrung\/die-osmanen-1683-vor-wien-denkmaeler-wehrgaenge-befestigungen\/\",\"url\":\"https:\/\/zillinger4vienna.at\/fuehrung\/die-osmanen-1683-vor-wien-denkmaeler-wehrgaenge-befestigungen\/\",\"name\":\"Die Osmanen 1683 vor Wien: Denkm\u00e4ler, Wehrg\u00e4nge, Befestigungen - Zillinger4Vienna\",\"isPartOf\":{\"@id\":\"https:\/\/zillinger4vienna.at\/de\/#website\"},\"primaryImageOfPage\":{\"@id\":\"https:\/\/zillinger4vienna.at\/fuehrung\/die-osmanen-1683-vor-wien-denkmaeler-wehrgaenge-befestigungen\/#primaryimage\"},\"image\":{\"@id\":\"https:\/\/zillinger4vienna.at\/fuehrung\/die-osmanen-1683-vor-wien-denkmaeler-wehrgaenge-befestigungen\/#primaryimage\"},\"thumbnailUrl\":\"https:\/\/zillinger4vienna.at\/wp-content\/uploads\/2021\/02\/2048px-Battle_of_Vienna_1683_by_Jozef_Brandt.png\",\"datePublished\":\"2026-01-13T12:59:05+00:00\",\"dateModified\":\"2026-02-20T20:46:43+00:00\",\"description\":\"Stadtf\u00fchrung mit dem Historiker Mag. Karl Zillinger zur Zweiten Wiener T\u00fcrkenbelagerung 1683 - kommen Sie vorbei und erleben Sie Geschichte aus heutiger Perspektive.\",\"breadcrumb\":{\"@id\":\"https:\/\/zillinger4vienna.at\/fuehrung\/die-osmanen-1683-vor-wien-denkmaeler-wehrgaenge-befestigungen\/#breadcrumb\"},\"inLanguage\":\"en-GB\",\"potentialAction\":[{\"@type\":\"ReadAction\",\"target\":[\"https:\/\/zillinger4vienna.at\/fuehrung\/die-osmanen-1683-vor-wien-denkmaeler-wehrgaenge-befestigungen\/\"]}]},{\"@type\":\"ImageObject\",\"inLanguage\":\"en-GB\",\"@id\":\"https:\/\/zillinger4vienna.at\/fuehrung\/die-osmanen-1683-vor-wien-denkmaeler-wehrgaenge-befestigungen\/#primaryimage\",\"url\":\"https:\/\/zillinger4vienna.at\/wp-content\/uploads\/2021\/02\/2048px-Battle_of_Vienna_1683_by_Jozef_Brandt.png\",\"contentUrl\":\"https:\/\/zillinger4vienna.at\/wp-content\/uploads\/2021\/02\/2048px-Battle_of_Vienna_1683_by_Jozef_Brandt.png\",\"width\":1000,\"height\":424},{\"@type\":\"BreadcrumbList\",\"@id\":\"https:\/\/zillinger4vienna.at\/fuehrung\/die-osmanen-1683-vor-wien-denkmaeler-wehrgaenge-befestigungen\/#breadcrumb\",\"itemListElement\":[{\"@type\":\"ListItem\",\"position\":1,\"name\":\"Startseite\",\"item\":\"https:\/\/zillinger4vienna.at\/\"},{\"@type\":\"ListItem\",\"position\":2,\"name\":\"Veranstaltungen\",\"item\":\"https:\/\/zillinger4vienna.at\/de\/stadtfuehrungen\/\"},{\"@type\":\"ListItem\",\"position\":3,\"name\":\"Die Osmanen 1683 vor Wien: Denkm\u00e4ler, Wehrg\u00e4nge, Befestigungen\"}]},{\"@type\":\"WebSite\",\"@id\":\"https:\/\/zillinger4vienna.at\/de\/#website\",\"url\":\"https:\/\/zillinger4vienna.at\/de\/\",\"name\":\"Zillinger4Vienna\",\"description\":\"Unvergessliche Stadtf\u00fchrungen in Wien\",\"potentialAction\":[{\"@type\":\"SearchAction\",\"target\":{\"@type\":\"EntryPoint\",\"urlTemplate\":\"https:\/\/zillinger4vienna.at\/de\/?s={search_term_string}\"},\"query-input\":{\"@type\":\"PropertyValueSpecification\",\"valueRequired\":true,\"valueName\":\"search_term_string\"}}],\"inLanguage\":\"en-GB\"}]}<\/script>\n<!-- \/ Yoast SEO plugin. -->","yoast_head_json":{"title":"Die Osmanen 1683 vor Wien: Denkm\u00e4ler, Wehrg\u00e4nge, Befestigungen - Zillinger4Vienna","description":"Stadtf\u00fchrung mit dem Historiker Mag. Karl Zillinger zur Zweiten Wiener T\u00fcrkenbelagerung 1683 - kommen Sie vorbei und erleben Sie Geschichte aus heutiger Perspektive.","robots":{"index":"index","follow":"follow","max-snippet":"max-snippet:-1","max-image-preview":"max-image-preview:large","max-video-preview":"max-video-preview:-1"},"canonical":"https:\/\/zillinger4vienna.at\/en\/fuehrung\/die-osmanen-1683-vor-wien-denkmaeler-wehrgaenge-befestigungen\/","og_locale":"en_GB","og_type":"article","og_title":"Die Osmanen 1683 vor Wien: Denkm\u00e4ler, Wehrg\u00e4nge, Befestigungen - Zillinger4Vienna","og_description":"Stadtf\u00fchrung mit dem Historiker Mag. Karl Zillinger zur Zweiten Wiener T\u00fcrkenbelagerung 1683 - kommen Sie vorbei und erleben Sie Geschichte aus heutiger Perspektive.","og_url":"https:\/\/zillinger4vienna.at\/en\/fuehrung\/die-osmanen-1683-vor-wien-denkmaeler-wehrgaenge-befestigungen\/","og_site_name":"Zillinger4Vienna","article_modified_time":"2026-02-20T20:46:43+00:00","og_image":[{"width":1000,"height":424,"url":"https:\/\/zillinger4vienna.at\/wp-content\/uploads\/2021\/02\/2048px-Battle_of_Vienna_1683_by_Jozef_Brandt.png","type":"image\/png"}],"twitter_card":"summary_large_image","twitter_misc":{"Estimated reading time":"1 minute"},"schema":{"@context":"https:\/\/schema.org","@graph":[{"@type":"WebPage","@id":"https:\/\/zillinger4vienna.at\/fuehrung\/die-osmanen-1683-vor-wien-denkmaeler-wehrgaenge-befestigungen\/","url":"https:\/\/zillinger4vienna.at\/fuehrung\/die-osmanen-1683-vor-wien-denkmaeler-wehrgaenge-befestigungen\/","name":"Die Osmanen 1683 vor Wien: Denkm\u00e4ler, Wehrg\u00e4nge, Befestigungen - Zillinger4Vienna","isPartOf":{"@id":"https:\/\/zillinger4vienna.at\/de\/#website"},"primaryImageOfPage":{"@id":"https:\/\/zillinger4vienna.at\/fuehrung\/die-osmanen-1683-vor-wien-denkmaeler-wehrgaenge-befestigungen\/#primaryimage"},"image":{"@id":"https:\/\/zillinger4vienna.at\/fuehrung\/die-osmanen-1683-vor-wien-denkmaeler-wehrgaenge-befestigungen\/#primaryimage"},"thumbnailUrl":"https:\/\/zillinger4vienna.at\/wp-content\/uploads\/2021\/02\/2048px-Battle_of_Vienna_1683_by_Jozef_Brandt.png","datePublished":"2026-01-13T12:59:05+00:00","dateModified":"2026-02-20T20:46:43+00:00","description":"Stadtf\u00fchrung mit dem Historiker Mag. Karl Zillinger zur Zweiten Wiener T\u00fcrkenbelagerung 1683 - kommen Sie vorbei und erleben Sie Geschichte aus heutiger Perspektive.","breadcrumb":{"@id":"https:\/\/zillinger4vienna.at\/fuehrung\/die-osmanen-1683-vor-wien-denkmaeler-wehrgaenge-befestigungen\/#breadcrumb"},"inLanguage":"en-GB","potentialAction":[{"@type":"ReadAction","target":["https:\/\/zillinger4vienna.at\/fuehrung\/die-osmanen-1683-vor-wien-denkmaeler-wehrgaenge-befestigungen\/"]}]},{"@type":"ImageObject","inLanguage":"en-GB","@id":"https:\/\/zillinger4vienna.at\/fuehrung\/die-osmanen-1683-vor-wien-denkmaeler-wehrgaenge-befestigungen\/#primaryimage","url":"https:\/\/zillinger4vienna.at\/wp-content\/uploads\/2021\/02\/2048px-Battle_of_Vienna_1683_by_Jozef_Brandt.png","contentUrl":"https:\/\/zillinger4vienna.at\/wp-content\/uploads\/2021\/02\/2048px-Battle_of_Vienna_1683_by_Jozef_Brandt.png","width":1000,"height":424},{"@type":"BreadcrumbList","@id":"https:\/\/zillinger4vienna.at\/fuehrung\/die-osmanen-1683-vor-wien-denkmaeler-wehrgaenge-befestigungen\/#breadcrumb","itemListElement":[{"@type":"ListItem","position":1,"name":"Startseite","item":"https:\/\/zillinger4vienna.at\/"},{"@type":"ListItem","position":2,"name":"Veranstaltungen","item":"https:\/\/zillinger4vienna.at\/de\/stadtfuehrungen\/"},{"@type":"ListItem","position":3,"name":"Die Osmanen 1683 vor Wien: Denkm\u00e4ler, Wehrg\u00e4nge, Befestigungen"}]},{"@type":"WebSite","@id":"https:\/\/zillinger4vienna.at\/de\/#website","url":"https:\/\/zillinger4vienna.at\/de\/","name":"Zillinger4Vienna","description":"Unvergessliche Stadtf\u00fchrungen in Wien","potentialAction":[{"@type":"SearchAction","target":{"@type":"EntryPoint","urlTemplate":"https:\/\/zillinger4vienna.at\/de\/?s={search_term_string}"},"query-input":{"@type":"PropertyValueSpecification","valueRequired":true,"valueName":"search_term_string"}}],"inLanguage":"en-GB"}]}},"_links":{"self":[{"href":"https:\/\/zillinger4vienna.at\/en\/wp-json\/wp\/v2\/tribe_events\/18387","targetHints":{"allow":["GET"]}}],"collection":[{"href":"https:\/\/zillinger4vienna.at\/en\/wp-json\/wp\/v2\/tribe_events"}],"about":[{"href":"https:\/\/zillinger4vienna.at\/en\/wp-json\/wp\/v2\/types\/tribe_events"}],"author":[{"embeddable":true,"href":"https:\/\/zillinger4vienna.at\/en\/wp-json\/wp\/v2\/users\/1"}],"replies":[{"embeddable":true,"href":"https:\/\/zillinger4vienna.at\/en\/wp-json\/wp\/v2\/comments?post=18387"}],"version-history":[{"count":1,"href":"https:\/\/zillinger4vienna.at\/en\/wp-json\/wp\/v2\/tribe_events\/18387\/revisions"}],"predecessor-version":[{"id":18388,"href":"https:\/\/zillinger4vienna.at\/en\/wp-json\/wp\/v2\/tribe_events\/18387\/revisions\/18388"}],"wp:featuredmedia":[{"embeddable":true,"href":"https:\/\/zillinger4vienna.at\/en\/wp-json\/wp\/v2\/media\/16470"}],"wp:attachment":[{"href":"https:\/\/zillinger4vienna.at\/en\/wp-json\/wp\/v2\/media?parent=18387"}],"wp:term":[{"taxonomy":"post_tag","embeddable":true,"href":"https:\/\/zillinger4vienna.at\/en\/wp-json\/wp\/v2\/tags?post=18387"},{"taxonomy":"tribe_events_cat","embeddable":true,"href":"https:\/\/zillinger4vienna.at\/en\/wp-json\/wp\/v2\/tribe_events_cat?post=18387"}],"curies":[{"name":"wp","href":"https:\/\/api.w.org\/{rel}","templated":true}]}}