{"id":17156,"date":"2021-03-16T11:21:42","date_gmt":"2021-03-16T10:21:42","guid":{"rendered":"https:\/\/zillinger4vienna.at\/?page_id=17156"},"modified":"2026-01-22T21:44:47","modified_gmt":"2026-01-22T20:44:47","slug":"guia-de-viena-espanol","status":"publish","type":"page","link":"https:\/\/zillinger4vienna.at\/en\/guia-de-viena-espanol\/","title":{"rendered":"Espa\u00f1ol"},"content":{"rendered":"<div id=\"cmsmasters_row_qfovz7862u\" class=\"cmsmasters_row cmsmasters_color_scheme_default cmsmasters_row_top_default cmsmasters_row_bot_default cmsmasters_row_fullwidth\" data-stellar-background-ratio=\"0.5\">\n<div class=\"cmsmasters_row_outer_parent\">\n<div class=\"cmsmasters_row_outer\">\n<div class=\"cmsmasters_row_inner cmsmasters_row_fullwidth\">\n<div class=\"cmsmasters_row_margin\">\n<div id=\"cmsmasters_column_spzkb29d7y\" class=\"cmsmasters_column one_first\">\n<div class=\"cmsmasters_column_inner\"><div id=\"cmsmasters_heading_26bdtiz3vo\" class=\"cmsmasters_heading_wrap cmsmasters_heading_align_center\">\n\t<h1 class=\"cmsmasters_heading\">Espa\u00f1ol<\/h1>\n<\/div>\n<\/div><\/div>\n<\/div>\n<\/div>\n<\/div>\n<\/div>\n<\/div>\n<div id=\"cmsmasters_row_fls8yf9xxi\" class=\"cmsmasters_row cmsmasters_color_scheme_default cmsmasters_row_top_default cmsmasters_row_bot_default cmsmasters_row_boxed\">\n<div class=\"cmsmasters_row_outer_parent\">\n<div class=\"cmsmasters_row_outer\">\n<div class=\"cmsmasters_row_inner\">\n<div class=\"cmsmasters_row_margin\">\n<div id=\"cmsmasters_column_gxldppmoze\" class=\"cmsmasters_column two_third\">\n<div class=\"cmsmasters_column_inner\"><div id=\"cmsmasters_heading_dycz0xu09m\" class=\"cmsmasters_heading_wrap cmsmasters_heading_align_left\">\n\t<h1 class=\"cmsmasters_heading\">\u00a1Bienvenido a mi hermosa Viena!<\/h1>\n<\/div><div class=\"cmsmasters_text\">\n<h3>Acomp\u00e1\u00f1enme en la busca de las huellas de los secretos de la ciudad de Viena, a los rincones escondidos, a los pasadizos secretos y a los s\u00f3tanos, que no se ve a primera vista pero que documentan una historia de casi 2000 a\u00f1os. Mis paseos ofrecen impresiones \u00fanicas y siempre estan actualizados. Puedes elegir entre mis recorridos tem\u00e1ticos o recorridos personalizados de acuerdo a sus intereses.<\/h3>\n<\/div>\n<\/div><\/div>\n<div id=\"cmsmasters_column_k3mc0v53o\" class=\"cmsmasters_column one_third\">\n<div class=\"cmsmasters_column_inner\"><div id=\"cmsmasters_heading_8ndmi243h\" class=\"cmsmasters_heading_wrap cmsmasters_heading_align_left\">\n\t<h3 class=\"cmsmasters_heading\">Actual<\/h3>\n<\/div>\n<div id=\"cmsmasters_divider_icfoi7e5ka\" class=\"cmsmasters_divider cmsmasters_divider_width_long cmsmasters_divider_pos_center\"><\/div>\n<div class=\"cmsmasters_text\">\n<p>Espero darle la bienvenida nuevamente en mis recorridos por la ciudad de Viena y sus alrededores.<\/p>\n<p>Suyo Karl Zillinger<\/p>\n<\/div>\n<div id=\"cmsmasters_heading_xqozdm0kqh\" class=\"cmsmasters_heading_wrap cmsmasters_heading_align_left\">\n\t<h3 class=\"cmsmasters_heading\">Contacto<\/h3>\n<\/div>\n<div id=\"cmsmasters_divider_7alhgbak9e\" class=\"cmsmasters_divider cmsmasters_divider_width_long cmsmasters_divider_pos_center\"><\/div>\n<div class=\"cmsmasters_text\">\n<p>Mag. Karl Zillinger<br \/>\nHistoriador, Gu\u00eda tur\u00edstico certificado<br \/>\n&amp; Mediador de arte<\/p>\n<p>Tel: <span role=\"link\" aria-label=\"+43 699 19225103 anrufen\">+43 699 19225103<\/span><br \/>\nCorreo: <a href=\"mailto:office@zillinger4vienna.at\"><span style=\"color: #000000;\">office@zillinger4vienna.at<\/span><\/a><\/p>\n<\/div>\n<div id=\"cmsmasters_heading_10k0n6wvb\" class=\"cmsmasters_heading_wrap cmsmasters_heading_align_left\">\n\t<h5 class=\"cmsmasters_heading\"><a href=\"mailto:office@zillinger4vienna.at\" class=\"cmsmasters-icon-umbrella\">Pregunte ahora<\/a><\/h5>\n<\/div>\n<\/div><\/div>\n<\/div>\n<\/div>\n<\/div>\n<\/div>\n<\/div>\n<div id=\"cmsmasters_row_xc0iicjn8j\" class=\"cmsmasters_row cmsmasters_color_scheme_default cmsmasters_row_top_default cmsmasters_row_bot_default cmsmasters_row_boxed\">\n<div class=\"cmsmasters_row_outer_parent\">\n<div class=\"cmsmasters_row_outer\">\n<div class=\"cmsmasters_row_inner\">\n<div class=\"cmsmasters_row_margin\">\n<div id=\"cmsmasters_column_05jcqrj3z\" class=\"cmsmasters_column one_half\">\n<div class=\"cmsmasters_column_inner\"><div id=\"cmsmasters_heading_0hr7ivbxt7\" class=\"cmsmasters_heading_wrap cmsmasters_heading_align_left\">\n\t<h5 class=\"cmsmasters_heading\">\u00a1Salud! <\/h5>\n<\/div><div id=\"cmsmasters_heading_9eeti5c3bo\" class=\"cmsmasters_heading_wrap cmsmasters_heading_align_left\">\n\t<h2 class=\"cmsmasters_heading\">Carrera &amp; misi\u00f3n<\/h2>\n<\/div>\n<\/div><\/div>\n<div id=\"cmsmasters_column_3mik66hkun\" class=\"cmsmasters_column one_half\">\n<div class=\"cmsmasters_column_inner\"><\/div><\/div>\n<\/div>\n<\/div>\n<\/div>\n<\/div>\n<\/div>\n<div id=\"cmsmasters_row_4mmhbuah2s\" class=\"cmsmasters_row cmsmasters_color_scheme_default cmsmasters_row_top_default cmsmasters_row_bot_default cmsmasters_row_boxed\">\n<div class=\"cmsmasters_row_outer_parent\">\n<div class=\"cmsmasters_row_outer\">\n<div class=\"cmsmasters_row_inner\">\n<div class=\"cmsmasters_row_margin\">\n<div id=\"cmsmasters_column_qbgggsv12j\" class=\"cmsmasters_column one_half\">\n<div class=\"cmsmasters_column_inner\"><div class=\"cmsmasters_img  cmsmasters_image_l\"><a href=\"https:\/\/zillinger4vienna.at\/wp-content\/uploads\/2021\/02\/Mag-Karl-Zillinger-Fremdenfuehrer-Wien.png\"><img decoding=\"async\" src=\"https:\/\/zillinger4vienna.at\/wp-content\/uploads\/2021\/02\/Mag-Karl-Zillinger-Fremdenfuehrer-Wien.png\" \/><\/a><\/div>\n<div id=\"cmsmasters_divider_oj8pxzdsi\" class=\"cmsmasters_divider cmsmasters_divider_width_short cmsmasters_divider_pos_center\"><\/div>\n<div class=\"cmsmasters_text\">\n<h4>Mis estudios de historia, ciencias pol\u00edticas e filolog\u00eda de las idiomas rom\u00e1nicas, as\u00ed como las numerosas experiencias extensas en museos (entre otros en la Albertina) e instituciones culturales (por ejemplo, la abad\u00eda de Melk y la abad\u00eda de Klosterneuburg) allanaron el camino para que yo me convirtiera en un entusiasta gu\u00eda de la ciudad, que siempre est\u00e1 en el pulso de los tiempos.<\/h4>\n<\/div>\n<div class=\"cmsmasters_text\">\n<h4>Con pasi\u00f3n y mucha experiencia, armar\u00e9 un programa de exploraci\u00f3n a medida a trav\u00e9s de Viena y sus alrededores. Gracias a mi cualificaci\u00f3n como pedagogo y organizador de viajes en Austria y en el extranjero, mis visitas guiadas se adaptan a los intereses individuales de cada grupo. Un &#8222;Original de Viena&#8220;, apasionado viticultor y m\u00fasico en dos orquestas te espera.<\/h4>\n<h4>Estar\u00eda encantado de poder recibirles pronto en Viena y de hacer con ustedes un viaje de exploraci\u00f3n especial.<\/h4>\n<\/div>\n<\/div><\/div>\n<div id=\"cmsmasters_column_o5wxc6nxrm\" class=\"cmsmasters_column one_half\">\n<div class=\"cmsmasters_column_inner\"><div id=\"cmsmasters_heading_fnkha4ltow\" class=\"cmsmasters_heading_wrap cmsmasters_heading_align_left\">\n\t<h1 class=\"cmsmasters_heading\">Durante m\u00e1s de 20 a\u00f1os he estado trabajando como gu\u00eda tur\u00edstico certificado en mi ciudad natal de Viena. Para m\u00ed, no hay nada m\u00e1s satisfactorio y hermoso que mostrar al mundo mi ciudad del coraz\u00f3n. Adem\u00e1s de los lugares conocidos que disfrutan de la fama mundial, tambi\u00e9n llevo a mis invitados en un recorrido de exploraci\u00f3n a los lugares desconocidos y tranquilos. <\/h1>\n<\/div><div class=\"aligncenter\"><div class=\"cmsmasters_img  cmsmasters_image_c\"><img decoding=\"async\" src=\"https:\/\/zillinger4vienna.at\/wp-content\/uploads\/2021\/02\/arno-senoner-HOkx92fAs-w-unsplash.jpg\" \/><\/div><\/div>\n<div id=\"cmsmasters_divider_x0hetet2mg\" class=\"cmsmasters_divider cmsmasters_divider_width_short cmsmasters_divider_pos_center\"><\/div>\n<\/div><\/div>\n<\/div>\n<\/div>\n<\/div>\n<\/div>\n<\/div>\n<div id=\"cmsmasters_row_2vmpq7g4me\" class=\"cmsmasters_row cmsmasters_color_scheme_default cmsmasters_row_top_default cmsmasters_row_bot_default cmsmasters_row_fullwidth\">\n<div class=\"cmsmasters_row_outer_parent\">\n<div class=\"cmsmasters_row_outer\">\n<div class=\"cmsmasters_row_inner cmsmasters_row_fullwidth\">\n<div class=\"cmsmasters_row_margin\">\n<div id=\"cmsmasters_column_nq6amvbw99\" class=\"cmsmasters_column one_third\">\n<div class=\"cmsmasters_column_inner\"><div id=\"cmsmasters_heading_ccsxl5udbd\" class=\"cmsmasters_heading_wrap cmsmasters_heading_align_center\">\n\t<h3 class=\"cmsmasters_heading\">RECORRIDOS TEM\u00c1TICOS<\/h3>\n<\/div>\n<div id=\"cmsmasters_divider_vtpxieuy9i\" class=\"cmsmasters_divider cmsmasters_divider_width_long cmsmasters_divider_pos_center\"><\/div>\n<div class=\"cmsmasters_text\">\n<p style=\"text-align: center;\">Arquitectura, M\u00fasica y Arte<br \/>\nVisitas a museos y exposiciones<br \/>\nHistoria de la ciudad de Viena &amp; Cultura de monumentos<br \/>\nCostumbres vienesas originales<br \/>\nEspecialidades culinarias de la cocina vienesa \u00a0y Baile de \u00f3pera de Viena<br \/>\nRincones escondidos, patios desconocidos y pasadizos secretos<\/p>\n<\/div>\n\n<div id=\"cmsmasters_divider_gymw1vcksp\" class=\"cl\"><\/div>\n<\/div><\/div>\n<div id=\"cmsmasters_column_49m5umajt\" class=\"cmsmasters_column one_third\">\n<div class=\"cmsmasters_column_inner\"><div id=\"cmsmasters_heading_dgm8wecn88\" class=\"cmsmasters_heading_wrap cmsmasters_heading_align_center\">\n\t<h3 class=\"cmsmasters_heading\">VISITAS GUIADAS ESPECIALES<\/h3>\n<\/div>\n<div id=\"cmsmasters_divider_dj8szrxbfq\" class=\"cmsmasters_divider cmsmasters_divider_width_long cmsmasters_divider_pos_center\"><\/div>\n<div class=\"cmsmasters_text\">\n<p style=\"text-align: center;\">Fiestas de empresa<br \/>\nBodas<br \/>\nCumplea\u00f1os<br \/>\nAniversarios<br \/>\nVisita guiada antes y despu\u00e9s del Baile de Viena<br \/>\nVisitas guiadas en \u00e1reas de desarrollo urbano<\/p>\n<\/div>\n\n<div id=\"cmsmasters_divider_pyqgsygpej\" class=\"cl\"><\/div>\n<\/div><\/div>\n<div id=\"cmsmasters_column_qqgmdadman\" class=\"cmsmasters_column one_third\">\n<div class=\"cmsmasters_column_inner\"><div id=\"cmsmasters_heading_y96o540cdj\" class=\"cmsmasters_heading_wrap cmsmasters_heading_align_center\">\n\t<h3 class=\"cmsmasters_heading\">EXCURSIONES<\/h3>\n<\/div>\n<div id=\"cmsmasters_divider_s4hc6b7vd4\" class=\"cmsmasters_divider cmsmasters_divider_width_long cmsmasters_divider_pos_center\"><\/div>\n<div class=\"cmsmasters_text\">\n<p style=\"text-align: center;\">Bosques de Viena<br \/>\nSemmering, Patrimonio de la Humanidad en los Alpes de Viena<br \/>\nWachau, Patrimonio cultural de la UNESCO, el maravilloso valle del Danubio<br \/>\nLago de Neusiedl, Patrimonio cultural de la UNESCO<br \/>\nEl pueblo de Hallstatt, Patrimonio de la Humanidad en los Alpes de Austria<br \/>\nSalzburgo, Praga, Budapest<\/p>\n<\/div>\n\n<div id=\"cmsmasters_divider_eb601co19b\" class=\"cl\"><\/div>\n<\/div><\/div>\n<\/div>\n<\/div>\n<\/div>\n<\/div>\n<\/div>\n<div id=\"cmsmasters_row_osyc17wzpb\" class=\"cmsmasters_row cmsmasters_color_scheme_default cmsmasters_row_top_default cmsmasters_row_bot_default cmsmasters_row_fullwidth\">\n<div class=\"cmsmasters_row_outer_parent\">\n<div class=\"cmsmasters_row_outer\">\n<div class=\"cmsmasters_row_inner cmsmasters_row_fullwidth\">\n<div class=\"cmsmasters_row_margin\">\n<div id=\"cmsmasters_column_2k1ck6wmp5\" class=\"cmsmasters_column one_first\">\n<div class=\"cmsmasters_column_inner\"><div id=\"cmsmasters_heading_iqa8d1zzgs\" class=\"cmsmasters_heading_wrap cmsmasters_heading_align_center\">\n\t<h5 class=\"cmsmasters_heading\">Blog<\/h5>\n<\/div><div id=\"cmsmasters_heading_d6dt69ufhb\" class=\"cmsmasters_heading_wrap cmsmasters_heading_align_center\">\n\t<h2 class=\"cmsmasters_heading\">Perspectivas y noticias de Viena<\/h2>\n<\/div>\n<\/div><\/div>\n<\/div>\n<\/div>\n<\/div>\n<\/div>\n<\/div>\n<div id=\"cmsmasters_row_29uk80vx9f\" class=\"cmsmasters_row cmsmasters_color_scheme_default cmsmasters_row_top_default cmsmasters_row_bot_default cmsmasters_row_boxed\">\n<div class=\"cmsmasters_row_outer_parent\">\n<div class=\"cmsmasters_row_outer\">\n<div class=\"cmsmasters_row_inner\">\n<div class=\"cmsmasters_row_margin\">\n<div id=\"cmsmasters_column_5t4hrbs2fc\" class=\"cmsmasters_column one_first\">\n<div class=\"cmsmasters_column_inner\">\n<div id=\"blog_vbj927wfk\" class=\"cmsmasters_wrap_blog entry-summary\" data-layout=\"columns\" data-layout-mode=\"grid\" data-url=\"https:\/\/zillinger4vienna.at\/wp-content\/plugins\/cmsmasters-content-composer\/\" data-orderby=\"date\" data-order=\"DESC\" data-count=\"3\" data-categories=\"viena-en-el-ciclo-de-las-estaciones\" data-metadata=\"date,categories,likes,more\" data-pagination=\"more\"><div class=\"blog columns grid cmsmasters_3\"><!-- Start Post Masonry Article -->\n<article id=\"post-17379\" class=\"cmsmasters_post_masonry post-17379 post type-post status-publish format-standard has-post-thumbnail hentry category-viena-en-el-ciclo-de-las-estaciones\" data-category=\"viena-en-el-ciclo-de-las-estaciones\">\n\t<div class=\"cmsmasters_post_cont\">\n\t\t<div class=\"cmsmasters_post_cont_img_wrap\"><figure class=\"cmsmasters_img_wrap\"><a href=\"https:\/\/zillinger4vienna.at\/en\/2021\/03\/23\/primavera-en-viena\/\" title=\"Primavera en Viena: esplendor de flores y villas en el espejo del patrimonio cultural mundial\" class=\"cmsmasters_img_link preloader\"><img decoding=\"async\" width=\"580\" height=\"580\" src=\"https:\/\/zillinger4vienna.at\/wp-content\/uploads\/2021\/02\/graetzel-2-580x580.jpg\" class=\"full-width wp-post-image\" alt=\"Primavera en Viena: esplendor de flores y villas en el espejo del patrimonio cultural mundial\" title=\"Primavera en Viena: esplendor de flores y villas en el espejo del patrimonio cultural mundial\" srcset=\"https:\/\/zillinger4vienna.at\/wp-content\/uploads\/2021\/02\/graetzel-2-580x580.jpg 580w, https:\/\/zillinger4vienna.at\/wp-content\/uploads\/2021\/02\/graetzel-2-150x150.jpg 150w, https:\/\/zillinger4vienna.at\/wp-content\/uploads\/2021\/02\/graetzel-2-180x180.jpg 180w\" sizes=\"(max-width: 580px) 100vw, 580px\" \/><\/a><\/figure><\/div><div class=\"cmsmasters_post_cont_info first entry-meta\"><span class=\"cmsmasters_post_category\"><a href=\"https:\/\/zillinger4vienna.at\/en\/category\/viena-en-el-ciclo-de-las-estaciones\/\" class=\"cmsmasters_cat_color cmsmasters_cat_101\" rel=\"category tag\">Viena en el ciclo de las estaciones<\/a><\/span><\/div><header class=\"cmsmasters_post_header entry-header\"><h4 class=\"cmsmasters_post_title entry-title\"><a href=\"https:\/\/zillinger4vienna.at\/en\/2021\/03\/23\/primavera-en-viena\/\">Primavera en Viena: esplendor de flores y villas en el espejo del patrimonio cultural mundial<\/a><\/h4><\/header><div class=\"cmsmasters_post_cont_info second entry-meta\"><span class=\"cmsmasters_post_date\"><abbr class=\"published\" title=\"23. March 2021\">23. March 2021<\/abbr><abbr class=\"dn date updated\" title=\"22. April 2021\">22. April 2021<\/abbr><\/span><\/div><div class=\"cmsmasters_post_cont_info third entry-meta\"><span class=\"cmsmasters_likes cmsmasters_post_likes\"><a href=\"#\" onclick=\"cmsmastersLike(17379, false); return false;\" id=\"cmsmastersLike-17379\" class=\"cmsmastersLike cmsmasters_theme_icon_like\"><span>1 <\/span><\/a><\/span><\/div><footer class=\"cmsmasters_post_footer entry-meta\"><a class=\"cmsmasters_post_read_more\" href=\"https:\/\/zillinger4vienna.at\/en\/2021\/03\/23\/primavera-en-viena\/\">Leer m\u00e1s<\/a><\/footer>\t<\/div>\n<\/article>\n<!-- Finish Post Masonry Article -->\n\n<!-- Start Post Masonry Article -->\n<article id=\"post-17391\" class=\"cmsmasters_post_masonry post-17391 post type-post status-publish format-standard has-post-thumbnail hentry category-viena-en-el-ciclo-de-las-estaciones\" data-category=\"viena-en-el-ciclo-de-las-estaciones\">\n\t<div class=\"cmsmasters_post_cont\">\n\t\t<div class=\"cmsmasters_post_cont_img_wrap\"><figure class=\"cmsmasters_img_wrap\"><a href=\"https:\/\/zillinger4vienna.at\/en\/2020\/06\/23\/en-la-busca-de-las-huellas-de-la-arte-y-de-la-cocina-vienesa-culinaria-con-los-5-sentidos\/\" title=\"En la busca de las huellas del arte y de la cocina Vienesa culinaria con los 5 sentidos\" class=\"cmsmasters_img_link preloader\"><img decoding=\"async\" width=\"580\" height=\"580\" src=\"https:\/\/zillinger4vienna.at\/wp-content\/uploads\/2021\/02\/aneta-pawlik-FqccnXTke28-unsplash-580x580.jpg\" class=\"full-width wp-post-image\" alt=\"En la busca de las huellas del arte y de la cocina Vienesa culinaria con los 5 sentidos\" title=\"En la busca de las huellas del arte y de la cocina Vienesa culinaria con los 5 sentidos\" srcset=\"https:\/\/zillinger4vienna.at\/wp-content\/uploads\/2021\/02\/aneta-pawlik-FqccnXTke28-unsplash-580x580.jpg 580w, https:\/\/zillinger4vienna.at\/wp-content\/uploads\/2021\/02\/aneta-pawlik-FqccnXTke28-unsplash-150x150.jpg 150w, https:\/\/zillinger4vienna.at\/wp-content\/uploads\/2021\/02\/aneta-pawlik-FqccnXTke28-unsplash-180x180.jpg 180w\" sizes=\"(max-width: 580px) 100vw, 580px\" \/><\/a><\/figure><\/div><div class=\"cmsmasters_post_cont_info first entry-meta\"><span class=\"cmsmasters_post_category\"><a href=\"https:\/\/zillinger4vienna.at\/en\/category\/viena-en-el-ciclo-de-las-estaciones\/\" class=\"cmsmasters_cat_color cmsmasters_cat_101\" rel=\"category tag\">Viena en el ciclo de las estaciones<\/a><\/span><\/div><header class=\"cmsmasters_post_header entry-header\"><h4 class=\"cmsmasters_post_title entry-title\"><a href=\"https:\/\/zillinger4vienna.at\/en\/2020\/06\/23\/en-la-busca-de-las-huellas-de-la-arte-y-de-la-cocina-vienesa-culinaria-con-los-5-sentidos\/\">En la busca de las huellas del arte y de la cocina Vienesa culinaria con los 5 sentidos<\/a><\/h4><\/header><div class=\"cmsmasters_post_cont_info second entry-meta\"><span class=\"cmsmasters_post_date\"><abbr class=\"published\" title=\"23. June 2020\">23. June 2020<\/abbr><abbr class=\"dn date updated\" title=\"22. April 2021\">22. April 2021<\/abbr><\/span><\/div><div class=\"cmsmasters_post_cont_info third entry-meta\"><span class=\"cmsmasters_likes cmsmasters_post_likes\"><a href=\"#\" onclick=\"cmsmastersLike(17391, false); return false;\" id=\"cmsmastersLike-17391\" class=\"cmsmastersLike cmsmasters_theme_icon_like\"><span>1 <\/span><\/a><\/span><\/div><footer class=\"cmsmasters_post_footer entry-meta\"><a class=\"cmsmasters_post_read_more\" href=\"https:\/\/zillinger4vienna.at\/en\/2020\/06\/23\/en-la-busca-de-las-huellas-de-la-arte-y-de-la-cocina-vienesa-culinaria-con-los-5-sentidos\/\">Leer m\u00e1s<\/a><\/footer>\t<\/div>\n<\/article>\n<!-- Finish Post Masonry Article -->\n\n<!-- Start Post Masonry Article -->\n<article id=\"post-17395\" class=\"cmsmasters_post_masonry post-17395 post type-post status-publish format-standard has-post-thumbnail hentry category-viena-en-el-ciclo-de-las-estaciones\" data-category=\"viena-en-el-ciclo-de-las-estaciones\">\n\t<div class=\"cmsmasters_post_cont\">\n\t\t<div class=\"cmsmasters_post_cont_img_wrap\"><figure class=\"cmsmasters_img_wrap\"><a href=\"https:\/\/zillinger4vienna.at\/en\/2020\/02\/23\/sobre-las-huellas-de-beethoven-en-viena\/\" title=\"Sobre las huellas de Beethoven en Viena\" class=\"cmsmasters_img_link preloader\"><img decoding=\"async\" width=\"580\" height=\"580\" src=\"https:\/\/zillinger4vienna.at\/wp-content\/uploads\/2017\/10\/maria-lupan-yypDjlKgUN0-unsplash-580x580.jpg\" class=\"full-width wp-post-image\" alt=\"Sobre las huellas de Beethoven en Viena\" title=\"Sobre las huellas de Beethoven en Viena\" srcset=\"https:\/\/zillinger4vienna.at\/wp-content\/uploads\/2017\/10\/maria-lupan-yypDjlKgUN0-unsplash-580x580.jpg 580w, https:\/\/zillinger4vienna.at\/wp-content\/uploads\/2017\/10\/maria-lupan-yypDjlKgUN0-unsplash-150x150.jpg 150w, https:\/\/zillinger4vienna.at\/wp-content\/uploads\/2017\/10\/maria-lupan-yypDjlKgUN0-unsplash-180x180.jpg 180w\" sizes=\"(max-width: 580px) 100vw, 580px\" \/><\/a><\/figure><\/div><div class=\"cmsmasters_post_cont_info first entry-meta\"><span class=\"cmsmasters_post_category\"><a href=\"https:\/\/zillinger4vienna.at\/en\/category\/viena-en-el-ciclo-de-las-estaciones\/\" class=\"cmsmasters_cat_color cmsmasters_cat_101\" rel=\"category tag\">Viena en el ciclo de las estaciones<\/a><\/span><\/div><header class=\"cmsmasters_post_header entry-header\"><h4 class=\"cmsmasters_post_title entry-title\"><a href=\"https:\/\/zillinger4vienna.at\/en\/2020\/02\/23\/sobre-las-huellas-de-beethoven-en-viena\/\">Sobre las huellas de Beethoven en Viena<\/a><\/h4><\/header><div class=\"cmsmasters_post_cont_info second entry-meta\"><span class=\"cmsmasters_post_date\"><abbr class=\"published\" title=\"23. February 2020\">23. February 2020<\/abbr><abbr class=\"dn date updated\" title=\"22. April 2021\">22. April 2021<\/abbr><\/span><\/div><div class=\"cmsmasters_post_cont_info third entry-meta\"><span class=\"cmsmasters_likes cmsmasters_post_likes\"><a href=\"#\" onclick=\"cmsmastersLike(17395, false); return false;\" id=\"cmsmastersLike-17395\" class=\"cmsmastersLike cmsmasters_theme_icon_like\"><span>1 <\/span><\/a><\/span><\/div><footer class=\"cmsmasters_post_footer entry-meta\"><a class=\"cmsmasters_post_read_more\" href=\"https:\/\/zillinger4vienna.at\/en\/2020\/02\/23\/sobre-las-huellas-de-beethoven-en-viena\/\">Leer m\u00e1s<\/a><\/footer>\t<\/div>\n<\/article>\n<!-- Finish Post Masonry Article -->\n\n<\/div><div class=\"cmsmasters_wrap_more_posts cmsmasters_wrap_more_items\"><\/div><\/div>\n<\/div><\/div>\n<\/div>\n<\/div>\n<\/div>\n<\/div>\n<\/div>\n<div id=\"cmsmasters_row_2h93canumo\" class=\"cmsmasters_row cmsmasters_color_scheme_default cmsmasters_row_top_default cmsmasters_row_bot_default cmsmasters_row_fullwidth\">\n<div class=\"cmsmasters_row_outer_parent\">\n<div class=\"cmsmasters_row_outer\">\n<div class=\"cmsmasters_row_inner cmsmasters_row_fullwidth\">\n<div class=\"cmsmasters_row_margin\">\n<div id=\"cmsmasters_column_fkbkw72xu6\" class=\"cmsmasters_column one_first\">\n<div class=\"cmsmasters_column_inner\"><div id=\"cmsmasters_heading_q9eea1s75e\" class=\"cmsmasters_heading_wrap cmsmasters_heading_align_center\">\n\t<h5 class=\"cmsmasters_heading\">Tarifa<\/h5>\n<\/div><div id=\"cmsmasters_heading_h7053wdgye\" class=\"cmsmasters_heading_wrap cmsmasters_heading_align_center\">\n\t<h2 class=\"cmsmasters_heading\">Paseos por la ciudad actuales y recorridos especiales individuales<\/h2>\n<\/div>\n<\/div><\/div>\n<\/div>\n<\/div>\n<\/div>\n<\/div>\n<\/div>\n<div id=\"cmsmasters_row_vvzg63hvt\" class=\"cmsmasters_row cmsmasters_color_scheme_default cmsmasters_row_top_default cmsmasters_row_bot_default cmsmasters_row_boxed\">\n<div class=\"cmsmasters_row_outer_parent\">\n<div class=\"cmsmasters_row_outer\">\n<div class=\"cmsmasters_row_inner\">\n<div class=\"cmsmasters_row_margin\">\n<div id=\"cmsmasters_column_nrk18vy6pd\" class=\"cmsmasters_column one_first\">\n<div class=\"cmsmasters_column_inner\"><div class=\"cmsmasters_pricing_table pricing_three\">\n<div id=\"cmsmasters_pricing_item_d5q27uxe5\" class=\"cmsmasters_pricing_item\">\n<div class=\"cmsmasters_pricing_item_inner\">\n<h3 class=\"pricing_title\">medio d\u00eda<\/h3>\n<div class=\"cmsmasters_price_wrap\">\n<span class=\"cmsmasters_currency\">220 Eur<\/span>\n<span class=\"cmsmasters_price\">3 h<\/span>\n<br \/><span class=\"cmsmasters_period\">Visitas tem\u00e1ticas<\/span>\n<\/div>\n<ul class=\"feature_list\">\n<li> Espero poder darle la bienvenida a estas giras sobre diversos temas como el arte, la cultura y la m\u00fasica. Cont\u00e1ctame para cualquier otra cosa.<\/li>\n<\/ul>\n<a href=\"mailto:office@zillinger4vienna.at\" class=\"cmsmasters_button cmsmasters-icon-compass\"><span>CONTACTO<\/span><\/a>\n<\/div>\n<\/div>\n<div id=\"cmsmasters_pricing_item_0vxcfmp7ps\" class=\"cmsmasters_pricing_item\">\n<div class=\"cmsmasters_pricing_item_inner\">\n<h3 class=\"pricing_title\">medio d\u00eda<\/h3>\n<div class=\"cmsmasters_price_wrap\">\n<span class=\"cmsmasters_currency\">220 Eur<\/span>\n<span class=\"cmsmasters_price\"> 3 h<\/span>\n<br \/><span class=\"cmsmasters_period\">Visitas especiales individuales<\/span>\n<\/div>\n<ul class=\"feature_list\">\n<li>Si lo solicita, estar\u00e9 encantado de organizar un recorrido por la ciudad individual adaptado a sus intereses. Espero conocerte.<\/li>\n<\/ul>\n<a href=\"mailto:office@zillinger4vienna.at\" class=\"cmsmasters_button cmsmasters-icon-compass\"><span>CONTACTO<\/span><\/a>\n<\/div>\n<\/div>\n<div id=\"cmsmasters_pricing_item_ddws10w9u\" class=\"cmsmasters_pricing_item\">\n<div class=\"cmsmasters_pricing_item_inner\">\n<h3 class=\"pricing_title\">d\u00eda completo<\/h3>\n<div class=\"cmsmasters_price_wrap\">\n<span class=\"cmsmasters_currency\">440 Eur<\/span>\n<span class=\"cmsmasters_price\">7 h<\/span>\n<br \/><span class=\"cmsmasters_period\">Visitas especiales individuales<\/span>\n<\/div>\n<ul class=\"feature_list\">\n<li>Si lo solicita, estar\u00e9 encantado de organizar un recorrido por la ciudad individual adaptado a sus intereses. Espero conocerte.<\/li>\n<\/ul>\n<a href=\"mailto:office@zillinger4vienna.at\" class=\"cmsmasters_button cmsmasters-icon-compass\"><span>CONTACTO<\/span><\/a>\n<\/div>\n<\/div>\n<\/div>\n<div id=\"cmsmasters_divider_bwjtftspwv\" class=\"cmsmasters_divider cmsmasters_divider_width_long cmsmasters_divider_pos_center\"><\/div>\n<div id=\"cmsmasters_heading_xa9v68mlul\" class=\"cmsmasters_heading_wrap cmsmasters_heading_align_left\">\n\t<h4 class=\"cmsmasters_heading\">\u2015 REGISTRO: El registro es obligatorio por correo electr\u00f3nico al menos dos d\u00edas antes del tour.<\/h4>\n<\/div><div id=\"cmsmasters_heading_g1p5bhsrk\" class=\"cmsmasters_heading_wrap cmsmasters_heading_align_left\">\n\t<h4 class=\"cmsmasters_heading\">\u2015 ENTRADAS: Las entradas a los museos no est\u00e1n incluidas en la tarifa del tour.<\/h4>\n<\/div><div id=\"cmsmasters_heading_nz78301bl\" class=\"cmsmasters_heading_wrap cmsmasters_heading_align_left\">\n\t<h4 class=\"cmsmasters_heading\">\u2015 CONTACTO: Si est\u00e1 interesado en un recorrido, no dude en ponerse en contacto conmigo.<\/h4>\n<\/div>\n<\/div><\/div>\n<\/div>\n<\/div>\n<\/div>\n<\/div>\n<\/div>\n<div id=\"cmsmasters_row_kauvm0yuax\" class=\"cmsmasters_row cmsmasters_color_scheme_default cmsmasters_row_top_default cmsmasters_row_bot_default cmsmasters_row_boxed\" data-stellar-background-ratio=\"0.5\">\n<div class=\"cmsmasters_row_outer_parent\">\n<div class=\"cmsmasters_row_outer\">\n<div class=\"cmsmasters_row_inner\">\n<div class=\"cmsmasters_row_margin\">\n<div id=\"cmsmasters_column_7khum6ujpo\" class=\"cmsmasters_column one_first\">\n<div class=\"cmsmasters_column_inner\"><div id=\"cmsmasters_heading_nz8xsgawn\" class=\"cmsmasters_heading_wrap cmsmasters_heading_align_center\">\n\t<h5 class=\"cmsmasters_heading\">ACTUAL<\/h5>\n<\/div><div id=\"cmsmasters_heading_8fqq98kxlg\" class=\"cmsmasters_heading_wrap cmsmasters_heading_align_center\">\n\t<h2 class=\"cmsmasters_heading\"> Visitas tem\u00e1ticas en 2026<\/h2>\n<\/div>\n<\/div><\/div>\n<\/div>\n<\/div>\n<\/div>\n<\/div>\n<\/div>\n<div id=\"cmsmasters_row_yc5jxqa2op\" class=\"cmsmasters_row cmsmasters_color_scheme_default cmsmasters_row_top_default cmsmasters_row_bot_default cmsmasters_row_boxed\">\n<div class=\"cmsmasters_row_outer_parent\">\n<div class=\"cmsmasters_row_outer\">\n<div class=\"cmsmasters_row_inner\">\n<div class=\"cmsmasters_row_margin\">\n<div id=\"cmsmasters_column_awnem457w\" class=\"cmsmasters_column one_half\">\n<div class=\"cmsmasters_column_inner\"><div id=\"cmsmasters_notice_ol2mg8sit3\" class=\"cmsmasters_notice cmsmasters_notice_custom\">\n<div class=\"notice_content\">\n<h4>Primavera en Viena: el parque del ayuntatmento, sus monumentos y su historia<\/h4>\n<h6>Punto de encuentro: Entrada Burgtheater, Viena 1, Universit\u00e4tsring 2<\/h6>\n<\/div>\n<\/div>\n<div id=\"cmsmasters_notice_6au6l4xo2q\" class=\"cmsmasters_notice cmsmasters_notice_custom\">\n<div class=\"notice_content\">\n<h4>Pascua en Viena: Mercados, tradiciones y procesi\u00f3n al Calvario<\/h4>\n<h6>Punto de encuentro: Informaci\u00f3n tur\u00edstica, Viena 1, Albertinaplatz<\/h6>\n<\/div>\n<\/div>\n<div id=\"cmsmasters_notice_nezx425zg9\" class=\"cmsmasters_notice cmsmasters_notice_custom\">\n<div class=\"notice_content\">\n<h4>Residencias y sus habitantes en el distrito del \u201cmovimiento de cottage\u201d cerca del parque de T\u00fcrkenschanzpark<\/h4>\n<h6>Punto de encuentro: Viena 18, esquina Gregor Mendel Str.\/Hasenauerstr., parada de autob\u00fas 37A<\/h6>\n<\/div>\n<\/div>\n<div id=\"cmsmasters_notice_um1xxjpv6r\" class=\"cmsmasters_notice cmsmasters_notice_custom\">\n<div class=\"notice_content\">\n<h4>El barrio del \u201cLandstrasse\u201d: en la busca de las huellas de Wittgenstein, Beethoven y Musil<\/h4>\n<h6>Punto de encuentro: Viena 3, Am Heumarkt 1, frente a la Casa de la Moneda austriaca<\/h6>\n<\/div>\n<\/div>\n<div id=\"cmsmasters_notice_i0c455rcbo\" class=\"cmsmasters_notice cmsmasters_notice_custom\">\n<div class=\"notice_content\">\n<h4>\u00c1rea de desarollo urbano alrededor de la Nueva estaci\u00f3n: \u201cVivir en el siglo XXI\u201d,\u00a0 apartamentos modernos, edificios comunitarios y privados<\/h4>\n<h6>Punto de encuentro: Viena 10, esquina Wiedner G\u00fcrtel \/ Arsenalstra\u00dfe, tranv\u00eda Haltest. D<\/h6>\n<\/div>\n<\/div>\n<div id=\"cmsmasters_notice_l0s3l7rso\" class=\"cmsmasters_notice cmsmasters_notice_custom cmsmasters-icon-umbrella\">\n<div class=\"notice_content\">\n<p><span style=\"color: #df352a;\">Elija un recorrido tem\u00e1tico y organice conmigo el punto de encuentro y la hora. Espero con ansias nuestro recorrido!<\/span><\/p>\n<p><a href=\"mailto:office@zillinger4vienna.at\"><span style=\"color: #df352a;\">Contacto!<\/span><\/a><\/p>\n<\/div>\n<\/div>\n<\/div><\/div>\n<div id=\"cmsmasters_column_c3msrqxblw\" class=\"cmsmasters_column one_half\">\n<div class=\"cmsmasters_column_inner\"><div id=\"cmsmasters_notice_cpnmzyn05x\" class=\"cmsmasters_notice cmsmasters_notice_custom\">\n<div class=\"notice_content\">\n<h4>El barrio del \u201cPratercottage\u201d y sus villas: Isla verde, Artistas, Compositores<\/h4>\n<h6>Punto de encuentro: Viena 2, Riesenradplatz 2, frente a la entrada Riesenrad<\/h6>\n<\/div>\n<\/div>\n<div id=\"cmsmasters_notice_kr53xgayxj\" class=\"cmsmasters_notice cmsmasters_notice_custom\">\n<div class=\"notice_content\">\n<h4>El mercado mas grande de Viena, el Naschmarkt de Viena: el Distrito culinario y moderno<\/h4>\n<h6>Punto de encuentro: Viena 4, Friedrichstrasse, Entrada Secesi\u00f3n<\/h6>\n<\/div>\n<\/div>\n<div id=\"cmsmasters_notice_f3a8u6km6f\" class=\"cmsmasters_notice cmsmasters_notice_custom\">\n<div class=\"notice_content\">\n<h4>El barrio del Prater: Parque de attracciones, Exposici\u00f3n Mundial 1873 y arquitectura moderna del WU<\/h4>\n<h6>Punto de encuentro: Viena 2, Riesenradplatz 2, frente a la entrada Riesenrad<\/h6>\n<\/div>\n<\/div>\n<div id=\"cmsmasters_notice_0s7xw8p4nl\" class=\"cmsmasters_notice cmsmasters_notice_custom\">\n<div class=\"notice_content\">\n<h4>El segundo asedio turco de Viena en 1683: Fortificaciones, murallas y monumentos<\/h4>\n<h6>Punto de encuentro: Viena 1, Informaci\u00f3n tur\u00edstica, Viena 1, Albertinaplatz<\/h6>\n<\/div>\n<\/div>\n<div id=\"cmsmasters_notice_s0ukb1eiwk\" class=\"cmsmasters_notice cmsmasters_notice_custom\">\n<div class=\"notice_content\">\n<h4>La avenida de Ringstra\u00dfe, Patrimonio de la Humanidad: Palacios, mecenas, habitantes, arquitectos<\/h4>\n<h6>Punto de encuentro: Viena 1, Anillo Universitario 1, Universidad de Entrada<\/h6>\n<\/div>\n<\/div>\n<\/div><\/div>\n<\/div>\n<\/div>\n<\/div>\n<\/div>\n<\/div>\n<div id=\"cmsmasters_row_0ws2m3xzzi\" class=\"cmsmasters_row cmsmasters_color_scheme_default cmsmasters_row_top_default cmsmasters_row_bot_default cmsmasters_row_boxed\">\n<div class=\"cmsmasters_row_outer_parent\">\n<div class=\"cmsmasters_row_outer\">\n<div class=\"cmsmasters_row_inner\">\n<div class=\"cmsmasters_row_margin\">\n<div id=\"cmsmasters_column_wtaj9pvuwo\" class=\"cmsmasters_column one_first\">\n<div class=\"cmsmasters_column_inner\"><div id=\"cmsmasters_heading_8dc0f3n16\" class=\"cmsmasters_heading_wrap cmsmasters_heading_align_left\">\n\t<h2 class=\"cmsmasters_heading\">Impresiones<\/h2>\n<\/div><div id=\"cmsmasters_gallery_4i9vbo42b\" class=\"cmsmasters_gallery_wrap\" data-type=\"masonry\" data-count=\"0\"><ul class=\"cmsmasters_gallery cmsmasters_4 cmsmasters_more_items_loader\"><li class=\"cmsmasters_gallery_item\"><figure><img decoding=\"async\" width=\"860\" height=\"575\" src=\"https:\/\/zillinger4vienna.at\/wp-content\/uploads\/2021\/02\/Buchen-e1612971222361-860x575.jpg\" class=\"attachment-post-thumbnail size-post-thumbnail\" alt=\"\" \/><\/figure><\/li><li class=\"cmsmasters_gallery_item\"><figure><img decoding=\"async\" width=\"860\" height=\"575\" src=\"https:\/\/zillinger4vienna.at\/wp-content\/uploads\/2021\/01\/impressionen22-860x575.jpg\" class=\"attachment-post-thumbnail size-post-thumbnail\" alt=\"\" srcset=\"https:\/\/zillinger4vienna.at\/wp-content\/uploads\/2021\/01\/impressionen22-860x575.jpg 860w, https:\/\/zillinger4vienna.at\/wp-content\/uploads\/2021\/01\/impressionen22-16x12.jpg 16w, https:\/\/zillinger4vienna.at\/wp-content\/uploads\/2021\/01\/impressionen22-1160x775.jpg 1160w\" sizes=\"(max-width: 860px) 100vw, 860px\" \/><\/figure><\/li><li class=\"cmsmasters_gallery_item\"><figure><img decoding=\"async\" width=\"860\" height=\"575\" src=\"https:\/\/zillinger4vienna.at\/wp-content\/uploads\/2021\/01\/impressionen-14-860x575.jpg\" class=\"attachment-post-thumbnail size-post-thumbnail\" alt=\"\" srcset=\"https:\/\/zillinger4vienna.at\/wp-content\/uploads\/2021\/01\/impressionen-14-860x575.jpg 860w, https:\/\/zillinger4vienna.at\/wp-content\/uploads\/2021\/01\/impressionen-14-16x10.jpg 16w\" sizes=\"(max-width: 860px) 100vw, 860px\" \/><\/figure><\/li><li class=\"cmsmasters_gallery_item\"><figure><img decoding=\"async\" width=\"860\" height=\"575\" src=\"https:\/\/zillinger4vienna.at\/wp-content\/uploads\/2020\/06\/Naschmarkt-860x575.jpg\" class=\"attachment-post-thumbnail size-post-thumbnail\" alt=\"\" \/><\/figure><\/li><\/ul><\/div>\n<\/div><\/div>\n<\/div>\n<\/div>\n<\/div>\n<\/div>\n<\/div>\n<div id=\"cmsmasters_row_w0gj2sqg5h\" class=\"cmsmasters_row cmsmasters_color_scheme_default cmsmasters_row_top_default cmsmasters_row_bot_default cmsmasters_row_boxed\">\n<div class=\"cmsmasters_row_outer_parent\">\n<div class=\"cmsmasters_row_outer\">\n<div class=\"cmsmasters_row_inner\">\n<div class=\"cmsmasters_row_margin\">\n<div id=\"cmsmasters_column_0a1qm53ek9\" class=\"cmsmasters_column one_first\">\n<div class=\"cmsmasters_column_inner\"><div id=\"cmsmasters_heading_4n2tpdvhgi\" class=\"cmsmasters_heading_wrap cmsmasters_heading_align_left\">\n\t<h5 class=\"cmsmasters_heading\">CONSULTAS &amp; RESERVAS<\/h5>\n<\/div><div id=\"cmsmasters_heading_zgxszw9tj6\" class=\"cmsmasters_heading_wrap cmsmasters_heading_align_left\">\n\t<h1 class=\"cmsmasters_heading\">\u00a1Hola! \u00bfComo puedo ayudarte?<\/h1>\n<\/div><div class=\"cmsmasters_text\">\n<p class=\"tw-data-text tw-text-large XcVN5d tw-ta\" data-placeholder=\"\u00dcbersetzung\"><span lang=\"fr\">Solo preg\u00fantame:<br \/>\n<\/span>Adem\u00e1s de mis recorridos tem\u00e1ticos, tambi\u00e9n preparar\u00e9 un programa de recorrido individual para usted, seg\u00fan sus intereses y la ocasi\u00f3n. Estos pueden ser recorridos de medio d\u00eda o de d\u00eda completo en Viena y sus alrededores. \u00a1Espero su consulta!<\/p>\n<p>Para poner su petici\u00f3n de reserva, utilice este formulario, por favor. De esta manera, puede tambi\u00e9n poner peticiones individuales o propuestas. <strong>\u00a0<\/strong>Me pondr\u00e9 en contacto con usted lo m\u00e1s pronto posible.<\/p>\n<\/div>\n<div id=\"cmsmasters_heading_z77kw9rmtx\" class=\"cmsmasters_heading_wrap cmsmasters_heading_align_left\">\n\t<h3 class=\"cmsmasters_heading\">Contacto<\/h3>\n<\/div>\n<div id=\"cmsmasters_divider_mg15jigyd\" class=\"cmsmasters_divider cmsmasters_divider_width_long cmsmasters_divider_pos_center\"><\/div>\n<div class=\"cmsmasters_text\">\n<p>Mag. Karl Zillinger<br \/>\nHistoriador, Gu\u00eda tur\u00edstico certificado<br \/>\n&amp; Mediador de arte<\/p>\n<p>Tel: <span role=\"link\" aria-label=\"+43 699 19225103 anrufen\">+43 699 19225103<\/span><br \/>\nCorreo: <a href=\"mailto:office@zillinger4vienna.at\"><span style=\"color: #000000;\">office@zillinger4vienna.at<\/span><\/a><\/p>\n<\/div>\n<\/div><\/div>\n<\/div>\n<\/div>\n<\/div>\n<\/div>\n<\/div>","protected":false},"excerpt":{"rendered":"","protected":false},"author":1,"featured_media":0,"parent":0,"menu_order":0,"comment_status":"closed","ping_status":"closed","template":"","meta":{"_EventAllDay":false,"_EventTimezone":"","_EventStartDate":"","_EventEndDate":"","_EventStartDateUTC":"","_EventEndDateUTC":"","_EventShowMap":false,"_EventShowMapLink":false,"_EventURL":"","_EventCost":"","_EventCostDescription":"","_EventCurrencySymbol":"","_EventCurrencyCode":"","_EventCurrencyPosition":"","_EventDateTimeSeparator":"","_EventTimeRangeSeparator":"","_EventOrganizerID":[],"_EventVenueID":0,"_OrganizerEmail":"","_OrganizerPhone":"","_OrganizerWebsite":"","_VenueAddress":"","_VenueCity":"","_VenueCountry":"","_VenueProvince":"","_VenueZip":"","_VenuePhone":"","_VenueURL":"","_VenueStateProvince":"","_VenueLat":"","_VenueLng":"","footnotes":""},"class_list":["post-17156","page","type-page","status-publish","hentry"],"yoast_head":"<!-- This site is optimized with the Yoast SEO plugin v25.0 - https:\/\/yoast.com\/wordpress\/plugins\/seo\/ -->\n<title>Visitas tur\u00edsticas en Viena - Karl Zillinger (Historiador, Gu\u00eda de Austria)<\/title>\n<meta name=\"description\" content=\"Visitas tem\u00e1ticas, excursiones &amp; visita guiadas especiales Mag. Karl Zillinger: Historiador, Gu\u00eda de Austria&amp; mediador de arte. Hasta pronto!\" \/>\n<meta name=\"robots\" content=\"index, follow, max-snippet:-1, max-image-preview:large, max-video-preview:-1\" \/>\n<link rel=\"canonical\" href=\"https:\/\/zillinger4vienna.at\/en\/guia-de-viena-espanol\/\" \/>\n<meta property=\"og:locale\" content=\"en_GB\" \/>\n<meta property=\"og:type\" content=\"article\" \/>\n<meta property=\"og:title\" content=\"Visitas tur\u00edsticas en Viena - Karl Zillinger (Historiador, Gu\u00eda de Austria)\" \/>\n<meta property=\"og:description\" content=\"Visitas tem\u00e1ticas, excursiones &amp; visita guiadas especiales Mag. Karl Zillinger: Historiador, Gu\u00eda de Austria&amp; mediador de arte. Hasta pronto!\" \/>\n<meta property=\"og:url\" content=\"https:\/\/zillinger4vienna.at\/en\/guia-de-viena-espanol\/\" \/>\n<meta property=\"og:site_name\" content=\"Zillinger4Vienna\" \/>\n<meta property=\"article:modified_time\" content=\"2026-01-22T20:44:47+00:00\" \/>\n<meta name=\"twitter:card\" content=\"summary_large_image\" \/>\n<meta name=\"twitter:label1\" content=\"Estimated reading time\" \/>\n\t<meta name=\"twitter:data1\" content=\"12 minutes\" \/>\n<script type=\"application\/ld+json\" class=\"yoast-schema-graph\">{\"@context\":\"https:\/\/schema.org\",\"@graph\":[{\"@type\":\"WebPage\",\"@id\":\"https:\/\/zillinger4vienna.at\/guia-de-viena-espanol\/\",\"url\":\"https:\/\/zillinger4vienna.at\/guia-de-viena-espanol\/\",\"name\":\"Visitas tur\u00edsticas en Viena - Karl Zillinger (Historiador, Gu\u00eda de Austria)\",\"isPartOf\":{\"@id\":\"https:\/\/zillinger4vienna.at\/de\/#website\"},\"datePublished\":\"2021-03-16T10:21:42+00:00\",\"dateModified\":\"2026-01-22T20:44:47+00:00\",\"description\":\"Visitas tem\u00e1ticas, excursiones & visita guiadas especiales Mag. Karl Zillinger: Historiador, Gu\u00eda de Austria& mediador de arte. Hasta pronto!\",\"breadcrumb\":{\"@id\":\"https:\/\/zillinger4vienna.at\/guia-de-viena-espanol\/#breadcrumb\"},\"inLanguage\":\"en-GB\",\"potentialAction\":[{\"@type\":\"ReadAction\",\"target\":[\"https:\/\/zillinger4vienna.at\/guia-de-viena-espanol\/\"]}]},{\"@type\":\"BreadcrumbList\",\"@id\":\"https:\/\/zillinger4vienna.at\/guia-de-viena-espanol\/#breadcrumb\",\"itemListElement\":[{\"@type\":\"ListItem\",\"position\":1,\"name\":\"Startseite\",\"item\":\"https:\/\/zillinger4vienna.at\/\"},{\"@type\":\"ListItem\",\"position\":2,\"name\":\"Espa\u00f1ol\"}]},{\"@type\":\"WebSite\",\"@id\":\"https:\/\/zillinger4vienna.at\/de\/#website\",\"url\":\"https:\/\/zillinger4vienna.at\/de\/\",\"name\":\"Zillinger4Vienna\",\"description\":\"Unvergessliche Stadtf\u00fchrungen in Wien\",\"potentialAction\":[{\"@type\":\"SearchAction\",\"target\":{\"@type\":\"EntryPoint\",\"urlTemplate\":\"https:\/\/zillinger4vienna.at\/de\/?s={search_term_string}\"},\"query-input\":{\"@type\":\"PropertyValueSpecification\",\"valueRequired\":true,\"valueName\":\"search_term_string\"}}],\"inLanguage\":\"en-GB\"}]}<\/script>\n<!-- \/ Yoast SEO plugin. -->","yoast_head_json":{"title":"Visitas tur\u00edsticas en Viena - Karl Zillinger (Historiador, Gu\u00eda de Austria)","description":"Visitas tem\u00e1ticas, excursiones & visita guiadas especiales Mag. Karl Zillinger: Historiador, Gu\u00eda de Austria& mediador de arte. Hasta pronto!","robots":{"index":"index","follow":"follow","max-snippet":"max-snippet:-1","max-image-preview":"max-image-preview:large","max-video-preview":"max-video-preview:-1"},"canonical":"https:\/\/zillinger4vienna.at\/en\/guia-de-viena-espanol\/","og_locale":"en_GB","og_type":"article","og_title":"Visitas tur\u00edsticas en Viena - Karl Zillinger (Historiador, Gu\u00eda de Austria)","og_description":"Visitas tem\u00e1ticas, excursiones & visita guiadas especiales Mag. Karl Zillinger: Historiador, Gu\u00eda de Austria& mediador de arte. Hasta pronto!","og_url":"https:\/\/zillinger4vienna.at\/en\/guia-de-viena-espanol\/","og_site_name":"Zillinger4Vienna","article_modified_time":"2026-01-22T20:44:47+00:00","twitter_card":"summary_large_image","twitter_misc":{"Estimated reading time":"12 minutes"},"schema":{"@context":"https:\/\/schema.org","@graph":[{"@type":"WebPage","@id":"https:\/\/zillinger4vienna.at\/guia-de-viena-espanol\/","url":"https:\/\/zillinger4vienna.at\/guia-de-viena-espanol\/","name":"Visitas tur\u00edsticas en Viena - Karl Zillinger (Historiador, Gu\u00eda de Austria)","isPartOf":{"@id":"https:\/\/zillinger4vienna.at\/de\/#website"},"datePublished":"2021-03-16T10:21:42+00:00","dateModified":"2026-01-22T20:44:47+00:00","description":"Visitas tem\u00e1ticas, excursiones & visita guiadas especiales Mag. Karl Zillinger: Historiador, Gu\u00eda de Austria& mediador de arte. Hasta pronto!","breadcrumb":{"@id":"https:\/\/zillinger4vienna.at\/guia-de-viena-espanol\/#breadcrumb"},"inLanguage":"en-GB","potentialAction":[{"@type":"ReadAction","target":["https:\/\/zillinger4vienna.at\/guia-de-viena-espanol\/"]}]},{"@type":"BreadcrumbList","@id":"https:\/\/zillinger4vienna.at\/guia-de-viena-espanol\/#breadcrumb","itemListElement":[{"@type":"ListItem","position":1,"name":"Startseite","item":"https:\/\/zillinger4vienna.at\/"},{"@type":"ListItem","position":2,"name":"Espa\u00f1ol"}]},{"@type":"WebSite","@id":"https:\/\/zillinger4vienna.at\/de\/#website","url":"https:\/\/zillinger4vienna.at\/de\/","name":"Zillinger4Vienna","description":"Unvergessliche Stadtf\u00fchrungen in Wien","potentialAction":[{"@type":"SearchAction","target":{"@type":"EntryPoint","urlTemplate":"https:\/\/zillinger4vienna.at\/de\/?s={search_term_string}"},"query-input":{"@type":"PropertyValueSpecification","valueRequired":true,"valueName":"search_term_string"}}],"inLanguage":"en-GB"}]}},"_links":{"self":[{"href":"https:\/\/zillinger4vienna.at\/en\/wp-json\/wp\/v2\/pages\/17156","targetHints":{"allow":["GET"]}}],"collection":[{"href":"https:\/\/zillinger4vienna.at\/en\/wp-json\/wp\/v2\/pages"}],"about":[{"href":"https:\/\/zillinger4vienna.at\/en\/wp-json\/wp\/v2\/types\/page"}],"author":[{"embeddable":true,"href":"https:\/\/zillinger4vienna.at\/en\/wp-json\/wp\/v2\/users\/1"}],"replies":[{"embeddable":true,"href":"https:\/\/zillinger4vienna.at\/en\/wp-json\/wp\/v2\/comments?post=17156"}],"version-history":[{"count":55,"href":"https:\/\/zillinger4vienna.at\/en\/wp-json\/wp\/v2\/pages\/17156\/revisions"}],"predecessor-version":[{"id":18425,"href":"https:\/\/zillinger4vienna.at\/en\/wp-json\/wp\/v2\/pages\/17156\/revisions\/18425"}],"wp:attachment":[{"href":"https:\/\/zillinger4vienna.at\/en\/wp-json\/wp\/v2\/media?parent=17156"}],"curies":[{"name":"wp","href":"https:\/\/api.w.org\/{rel}","templated":true}]}}