{"id":17035,"date":"2021-03-15T13:27:56","date_gmt":"2021-03-15T12:27:56","guid":{"rendered":"https:\/\/zillinger4vienna.at\/?page_id=17035"},"modified":"2026-01-22T21:46:00","modified_gmt":"2026-01-22T20:46:00","slug":"guide-de-la-ville-de-vienne-francais","status":"publish","type":"page","link":"https:\/\/zillinger4vienna.at\/de\/guide-de-la-ville-de-vienne-francais\/","title":{"rendered":"Francais"},"content":{"rendered":"<div id=\"cmsmasters_row_gacy7wiv9\" class=\"cmsmasters_row cmsmasters_color_scheme_default cmsmasters_row_top_default cmsmasters_row_bot_default cmsmasters_row_fullwidth\" data-stellar-background-ratio=\"0.5\">\n<div class=\"cmsmasters_row_outer_parent\">\n<div class=\"cmsmasters_row_outer\">\n<div class=\"cmsmasters_row_inner cmsmasters_row_fullwidth\">\n<div class=\"cmsmasters_row_margin\">\n<div id=\"cmsmasters_column_spzkb29d7y\" class=\"cmsmasters_column one_first\">\n<div class=\"cmsmasters_column_inner\"><div id=\"cmsmasters_heading_n4w2rq6x13\" class=\"cmsmasters_heading_wrap cmsmasters_heading_align_center\">\n\t<h1 class=\"cmsmasters_heading\">Francais<\/h1>\n<\/div>\n<\/div><\/div>\n<\/div>\n<\/div>\n<\/div>\n<\/div>\n<\/div>\n<div id=\"cmsmasters_row_s2d1zvjly\" class=\"cmsmasters_row cmsmasters_color_scheme_default cmsmasters_row_top_default cmsmasters_row_bot_default cmsmasters_row_boxed\">\n<div class=\"cmsmasters_row_outer_parent\">\n<div class=\"cmsmasters_row_outer\">\n<div class=\"cmsmasters_row_inner\">\n<div class=\"cmsmasters_row_margin\">\n<div id=\"cmsmasters_column_gxldppmoze\" class=\"cmsmasters_column two_third\">\n<div class=\"cmsmasters_column_inner\"><div id=\"cmsmasters_heading_31rh8eec7m\" class=\"cmsmasters_heading_wrap cmsmasters_heading_align_left\">\n\t<h1 class=\"cmsmasters_heading\">Bienvenue dans ma belle Vienne!<\/h1>\n<\/div><div class=\"cmsmasters_text\">\n<h3>Accompagnez-moi sur les traces des secrets de la ville de Vienne, vers les coins cach\u00e9s, les passages secrets et les caves de la ville, qui sont souvent m\u00e9connus, mais documentent une histoire de pr\u00e8s de 2000 ans. Mes promenades offrent des perspectives uniques et sont toujours \u00e0 jour. Choisissez entre mes visites th\u00e9matiques ou des visites individuelles sur mesure.<\/h3>\n<\/div>\n<\/div><\/div>\n<div id=\"cmsmasters_column_k3mc0v53o\" class=\"cmsmasters_column one_third\">\n<div class=\"cmsmasters_column_inner\"><div id=\"cmsmasters_heading_l9pk87v88w\" class=\"cmsmasters_heading_wrap cmsmasters_heading_align_left\">\n\t<h3 class=\"cmsmasters_heading\">Actuel<\/h3>\n<\/div>\n<div id=\"cmsmasters_divider_y2iw09s9kf\" class=\"cmsmasters_divider cmsmasters_divider_width_long cmsmasters_divider_pos_center\"><\/div>\n<div class=\"cmsmasters_text\">\n<p>J&#8217;ai h\u00e2te de vous accueillir \u00e0 nouveau lors de mes visites de la ville dans et autour de Vienne.<\/p>\n<p>Cordialement Karl Zillinger<\/p>\n<\/div>\n<div id=\"cmsmasters_heading_gb3cuy4kl\" class=\"cmsmasters_heading_wrap cmsmasters_heading_align_left\">\n\t<h3 class=\"cmsmasters_heading\">Contacter<\/h3>\n<\/div>\n<div id=\"cmsmasters_divider_4rcu4vturh\" class=\"cmsmasters_divider cmsmasters_divider_width_long cmsmasters_divider_pos_center\"><\/div>\n<div class=\"cmsmasters_text\">\n<p>Mag. Karl Zillinger<br \/>\nHistorien, guide touristique (certifi\u00e9) &amp;<br \/>\n(\u00e9ducateur en art) m\u00e9diateur culturel<\/p>\n<p>Tel: <span role=\"link\" aria-label=\"+43 699 19225103 anrufen\">+43 699 19225103<\/span><br \/>\nMail: <a href=\"mailto:office@zillinger4vienna.at\"><span style=\"color: #000000;\">office@zillinger4vienna.at<\/span><\/a><\/p>\n<\/div>\n<div id=\"cmsmasters_heading_z1jq1kf7vh\" class=\"cmsmasters_heading_wrap cmsmasters_heading_align_left\">\n\t<h5 class=\"cmsmasters_heading\"><a href=\"mailto:office@zillinger4vienna.at\" class=\"cmsmasters-icon-umbrella\">Renseignez-vous maintentant<\/a><\/h5>\n<\/div>\n<\/div><\/div>\n<\/div>\n<\/div>\n<\/div>\n<\/div>\n<\/div>\n<div id=\"cmsmasters_row_8igx67hwi\" class=\"cmsmasters_row cmsmasters_color_scheme_default cmsmasters_row_top_default cmsmasters_row_bot_default cmsmasters_row_boxed\">\n<div class=\"cmsmasters_row_outer_parent\">\n<div class=\"cmsmasters_row_outer\">\n<div class=\"cmsmasters_row_inner\">\n<div class=\"cmsmasters_row_margin\">\n<div id=\"cmsmasters_column_05jcqrj3z\" class=\"cmsmasters_column one_half\">\n<div class=\"cmsmasters_column_inner\"><div id=\"cmsmasters_heading_roimq6dx6\" class=\"cmsmasters_heading_wrap cmsmasters_heading_align_left\">\n\t<h5 class=\"cmsmasters_heading\">Salut!<\/h5>\n<\/div><div id=\"cmsmasters_heading_b0uuv34z4\" class=\"cmsmasters_heading_wrap cmsmasters_heading_align_left\">\n\t<h2 class=\"cmsmasters_heading\">Carri\u00e8re &amp; mission<\/h2>\n<\/div>\n<\/div><\/div>\n<div id=\"cmsmasters_column_3mik66hkun\" class=\"cmsmasters_column one_half\">\n<div class=\"cmsmasters_column_inner\"><\/div><\/div>\n<\/div>\n<\/div>\n<\/div>\n<\/div>\n<\/div>\n<div id=\"cmsmasters_row_e1l8dc2f2\" class=\"cmsmasters_row cmsmasters_color_scheme_default cmsmasters_row_top_default cmsmasters_row_bot_default cmsmasters_row_boxed\">\n<div class=\"cmsmasters_row_outer_parent\">\n<div class=\"cmsmasters_row_outer\">\n<div class=\"cmsmasters_row_inner\">\n<div class=\"cmsmasters_row_margin\">\n<div id=\"cmsmasters_column_qbgggsv12j\" class=\"cmsmasters_column one_half\">\n<div class=\"cmsmasters_column_inner\"><div class=\"cmsmasters_img  cmsmasters_image_l\"><a href=\"https:\/\/zillinger4vienna.at\/wp-content\/uploads\/2021\/02\/Mag-Karl-Zillinger-Fremdenfuehrer-Wien.png\"><img decoding=\"async\" src=\"https:\/\/zillinger4vienna.at\/wp-content\/uploads\/2021\/02\/Mag-Karl-Zillinger-Fremdenfuehrer-Wien.png\" \/><\/a><\/div>\n<div id=\"cmsmasters_divider_4mx34fagbm\" class=\"cmsmasters_divider cmsmasters_divider_width_short cmsmasters_divider_pos_center\"><\/div>\n<div class=\"cmsmasters_text\">\n<h4>Mes \u00e9tudes d\u2019histoire, de science politique et de langues romanes ainsi que ma vaste exp\u00e9rience dans les mus\u00e9es (par exemple Albertina) et dans les institutions culturelles (par exemple l\u2019abbaye de Melk et l\u2019abbaye de Klosterneuburg) m\u2019ont permis de devenir un guide de la ville passionn\u00e9 qui est toujours \u00e0 jour.<\/h4>\n<\/div>\n<div class=\"cmsmasters_text\">\n<h4>Avec passion et une riche exp\u00e9rience, je vais vous organiser un programme d\u2019exploration sur mesure pour Vienne et ses environs. Gr\u00e2ce \u00e0 ma qualification comme enseignant et organisateur de voyages en Autriche et \u00e0 l\u2019\u00e9tranger, mes tours guid\u00e9s sont adapt\u00e9s aux besoins individuels de chaque groupe. Vous pouvez vous attendre \u00e0 un \u201eoriginal viennois\u201c, vigneron passionn\u00e9 et musicien dans deux orchestres.<\/h4>\n<h4>N\u2019h\u00e9sitez pas \u00e0 me contacter, j\u2019ai h\u00e2te de vous (entendre) rencontrer!<\/h4>\n<\/div>\n<\/div><\/div>\n<div id=\"cmsmasters_column_o5wxc6nxrm\" class=\"cmsmasters_column one_half\">\n<div class=\"cmsmasters_column_inner\"><div id=\"cmsmasters_heading_rylk9vcp2t\" class=\"cmsmasters_heading_wrap cmsmasters_heading_align_left\">\n\t<h1 class=\"cmsmasters_heading\">Je travaille comme guide touristique certifi\u00e9 dans ma ville natale de Vienne depuis plus de 20 ans. Pour moi, il n\u2019y a rien de plus gratifiant et de plus beau que de montrer au monde la ville de mon c\u0153ur. Non seulement mettant l\u2019accent sur les lieux connus qui jouissent d\u2019une renomm\u00e9e mondiale, j\u2019emm\u00e8ne mes invit\u00e9s \u00e9galement \u00e0 la d\u00e9couverte des places inconnues, tant\u00f4t calmes, tant\u00f4t anim\u00e9es.<\/h1>\n<\/div><div class=\"aligncenter\"><div class=\"cmsmasters_img  cmsmasters_image_c\"><img decoding=\"async\" src=\"https:\/\/zillinger4vienna.at\/wp-content\/uploads\/2021\/02\/arno-senoner-HOkx92fAs-w-unsplash.jpg\" \/><\/div><\/div>\n<div id=\"cmsmasters_divider_e588g4zj6m\" class=\"cmsmasters_divider cmsmasters_divider_width_short cmsmasters_divider_pos_center\"><\/div>\n<\/div><\/div>\n<\/div>\n<\/div>\n<\/div>\n<\/div>\n<\/div>\n<div id=\"cmsmasters_row_fm5nlaq1j\" class=\"cmsmasters_row cmsmasters_color_scheme_default cmsmasters_row_top_default cmsmasters_row_bot_default cmsmasters_row_fullwidth\">\n<div class=\"cmsmasters_row_outer_parent\">\n<div class=\"cmsmasters_row_outer\">\n<div class=\"cmsmasters_row_inner cmsmasters_row_fullwidth\">\n<div class=\"cmsmasters_row_margin\">\n<div id=\"cmsmasters_column_nq6amvbw99\" class=\"cmsmasters_column one_third\">\n<div class=\"cmsmasters_column_inner\"><div id=\"cmsmasters_heading_gjb0u8ato\" class=\"cmsmasters_heading_wrap cmsmasters_heading_align_center\">\n\t<h3 class=\"cmsmasters_heading\"> VISITES TH\u00c9MATIQUES<\/h3>\n<\/div>\n<div id=\"cmsmasters_divider_m831i7jd7c\" class=\"cmsmasters_divider cmsmasters_divider_width_long cmsmasters_divider_pos_center\"><\/div>\n<div class=\"cmsmasters_text\">\n<p style=\"text-align: center;\">Architecture, musique &amp; art<br \/>\nVisites de mus\u00e9es et d\u00b4expositions<br \/>\nHistoire de la ville viennoise et culture des monuments<br \/>\nCoutumes viennoises originales<br \/>\nCuisine viennoise et Bal de l\u2019Op\u00e9ra<br \/>\nEndroits calmes et sentiers loins des foules de touristes<\/p>\n<\/div>\n\n<div id=\"cmsmasters_divider_e1n0e528yg\" class=\"cl\"><\/div>\n<\/div><\/div>\n<div id=\"cmsmasters_column_49m5umajt\" class=\"cmsmasters_column one_third\">\n<div class=\"cmsmasters_column_inner\"><div id=\"cmsmasters_heading_9nafp06bjb\" class=\"cmsmasters_heading_wrap cmsmasters_heading_align_center\">\n\t<h3 class=\"cmsmasters_heading\">VISITES SP\u00c9CIALES<\/h3>\n<\/div>\n<div id=\"cmsmasters_divider_y2c3pbk2g\" class=\"cmsmasters_divider cmsmasters_divider_width_long cmsmasters_divider_pos_center\"><\/div>\n<div class=\"cmsmasters_text\">\n<p style=\"text-align: center;\">F\u00eates d\u2019entreprise<br \/>\nMariages<br \/>\nAnniversaires<br \/>\nVisites guid\u00e9es th\u00e9matiques avant et apr\u00e8s un bal<br \/>\nVisites dans les zones de d\u00e9veloppement urbain s\u00e9lectionn\u00e9es<\/p>\n<\/div>\n\n<div id=\"cmsmasters_divider_wb26re987v\" class=\"cl\"><\/div>\n<\/div><\/div>\n<div id=\"cmsmasters_column_qqgmdadman\" class=\"cmsmasters_column one_third\">\n<div class=\"cmsmasters_column_inner\"><div id=\"cmsmasters_heading_u0fe2qlsxh\" class=\"cmsmasters_heading_wrap cmsmasters_heading_align_center\">\n\t<h3 class=\"cmsmasters_heading\">EXCURSIONS D\u00b4UNE JOURN\u00c9E<\/h3>\n<\/div>\n<div id=\"cmsmasters_divider_6y4885amgc\" class=\"cmsmasters_divider cmsmasters_divider_width_long cmsmasters_divider_pos_center\"><\/div>\n<div class=\"cmsmasters_text\">\n<p style=\"text-align: center;\">F\u00f4ret Viennoise<br \/>\nPatrimoine culturel mondial de Semmering dans les Alpes Viennoises<br \/>\nPatrimoine mondial de la Wachau le long du Danube<br \/>\nPatrimoine mondial de l\u00b4UNESCO de Lac de Neusiedl<br \/>\nPatrimoine mondial de l\u00b4UNESCO de Hallstatt<br \/>\nSalzbourg, Prague, Budapest<\/p>\n<\/div>\n\n<div id=\"cmsmasters_divider_vqhev7fqx\" class=\"cl\"><\/div>\n<\/div><\/div>\n<\/div>\n<\/div>\n<\/div>\n<\/div>\n<\/div>\n<div id=\"cmsmasters_row_2mtuodajle\" class=\"cmsmasters_row cmsmasters_color_scheme_default cmsmasters_row_top_default cmsmasters_row_bot_default cmsmasters_row_fullwidth\">\n<div class=\"cmsmasters_row_outer_parent\">\n<div class=\"cmsmasters_row_outer\">\n<div class=\"cmsmasters_row_inner cmsmasters_row_fullwidth\">\n<div class=\"cmsmasters_row_margin\">\n<div id=\"cmsmasters_column_2k1ck6wmp5\" class=\"cmsmasters_column one_first\">\n<div class=\"cmsmasters_column_inner\"><div id=\"cmsmasters_heading_j7kw08ong2\" class=\"cmsmasters_heading_wrap cmsmasters_heading_align_center\">\n\t<h5 class=\"cmsmasters_heading\">Blog<\/h5>\n<\/div><div id=\"cmsmasters_heading_rqat3jr75\" class=\"cmsmasters_heading_wrap cmsmasters_heading_align_center\">\n\t<h2 class=\"cmsmasters_heading\">Jetez un oeil \u00e0 mes visites!<\/h2>\n<\/div>\n<\/div><\/div>\n<\/div>\n<\/div>\n<\/div>\n<\/div>\n<\/div>\n<div id=\"cmsmasters_row_hyrhor35i\" class=\"cmsmasters_row cmsmasters_color_scheme_default cmsmasters_row_top_default cmsmasters_row_bot_default cmsmasters_row_boxed\">\n<div class=\"cmsmasters_row_outer_parent\">\n<div class=\"cmsmasters_row_outer\">\n<div class=\"cmsmasters_row_inner\">\n<div class=\"cmsmasters_row_margin\">\n<div id=\"cmsmasters_column_5t4hrbs2fc\" class=\"cmsmasters_column one_first\">\n<div class=\"cmsmasters_column_inner\">\n<div id=\"blog_ov4j45n35q\" class=\"cmsmasters_wrap_blog entry-summary\" data-layout=\"columns\" data-layout-mode=\"grid\" data-url=\"https:\/\/zillinger4vienna.at\/wp-content\/plugins\/cmsmasters-content-composer\/\" data-orderby=\"date\" data-order=\"DESC\" data-count=\"3\" data-categories=\"vienne-dans-le-cycle-des-saisons\" data-metadata=\"date,categories,likes,more\" data-pagination=\"more\"><div class=\"blog columns grid cmsmasters_3\"><!-- Start Post Masonry Article -->\n<article id=\"post-17185\" class=\"cmsmasters_post_masonry post-17185 post type-post status-publish format-standard has-post-thumbnail hentry category-vienne-dans-le-cycle-des-saisons\" data-category=\"vienne-dans-le-cycle-des-saisons\">\n\t<div class=\"cmsmasters_post_cont\">\n\t\t<div class=\"cmsmasters_post_cont_img_wrap\"><figure class=\"cmsmasters_img_wrap\"><a href=\"https:\/\/zillinger4vienna.at\/de\/2021\/03\/16\/printemps-a-vienne-splendeur-des-fleurs-et-des-villas-dans-le-miroir-du-patrimoine-culturel-mondial\/\" title=\"Printemps \u00e0 Vienne \u2014 splendeur des fleurs et des villas dans le miroir du patrimoine culturel mondial\" class=\"cmsmasters_img_link preloader\"><img decoding=\"async\" width=\"580\" height=\"580\" src=\"https:\/\/zillinger4vienna.at\/wp-content\/uploads\/2021\/02\/graetzel-2-580x580.jpg\" class=\"full-width wp-post-image\" alt=\"Printemps \u00e0 Vienne \u2014 splendeur des fleurs et des villas dans le miroir du patrimoine culturel mondial\" title=\"Printemps \u00e0 Vienne \u2014 splendeur des fleurs et des villas dans le miroir du patrimoine culturel mondial\" srcset=\"https:\/\/zillinger4vienna.at\/wp-content\/uploads\/2021\/02\/graetzel-2-580x580.jpg 580w, https:\/\/zillinger4vienna.at\/wp-content\/uploads\/2021\/02\/graetzel-2-150x150.jpg 150w, https:\/\/zillinger4vienna.at\/wp-content\/uploads\/2021\/02\/graetzel-2-180x180.jpg 180w\" sizes=\"(max-width: 580px) 100vw, 580px\" \/><\/a><\/figure><\/div><div class=\"cmsmasters_post_cont_info first entry-meta\"><span class=\"cmsmasters_post_category\"><a href=\"https:\/\/zillinger4vienna.at\/de\/category\/vienne-dans-le-cycle-des-saisons\/\" class=\"cmsmasters_cat_color cmsmasters_cat_98\" rel=\"category tag\">Vienne dans le cycle des saisons<\/a><\/span><\/div><header class=\"cmsmasters_post_header entry-header\"><h4 class=\"cmsmasters_post_title entry-title\"><a href=\"https:\/\/zillinger4vienna.at\/de\/2021\/03\/16\/printemps-a-vienne-splendeur-des-fleurs-et-des-villas-dans-le-miroir-du-patrimoine-culturel-mondial\/\">Printemps \u00e0 Vienne \u2014 splendeur des fleurs et des villas dans le miroir du patrimoine culturel mondial<\/a><\/h4><\/header><div class=\"cmsmasters_post_cont_info second entry-meta\"><span class=\"cmsmasters_post_date\"><abbr class=\"published\" title=\"16. M\u00e4rz 2021\">16. M\u00e4rz 2021<\/abbr><abbr class=\"dn date updated\" title=\"21. April 2021\">21. April 2021<\/abbr><\/span><\/div><div class=\"cmsmasters_post_cont_info third entry-meta\"><span class=\"cmsmasters_likes cmsmasters_post_likes\"><a href=\"#\" onclick=\"cmsmastersLike(17185, false); return false;\" id=\"cmsmastersLike-17185\" class=\"cmsmastersLike cmsmasters_theme_icon_like\"><span>4 <\/span><\/a><\/span><\/div><footer class=\"cmsmasters_post_footer entry-meta\"><a class=\"cmsmasters_post_read_more\" href=\"https:\/\/zillinger4vienna.at\/de\/2021\/03\/16\/printemps-a-vienne-splendeur-des-fleurs-et-des-villas-dans-le-miroir-du-patrimoine-culturel-mondial\/\">continuer la lecture<\/a><\/footer>\t<\/div>\n<\/article>\n<!-- Finish Post Masonry Article -->\n\n<!-- Start Post Masonry Article -->\n<article id=\"post-17192\" class=\"cmsmasters_post_masonry post-17192 post type-post status-publish format-standard has-post-thumbnail hentry category-vienne-dans-le-cycle-des-saisons\" data-category=\"vienne-dans-le-cycle-des-saisons\">\n\t<div class=\"cmsmasters_post_cont\">\n\t\t<div class=\"cmsmasters_post_cont_img_wrap\"><figure class=\"cmsmasters_img_wrap\"><a href=\"https:\/\/zillinger4vienna.at\/de\/2020\/06\/21\/promenades-en-ville-dans-les-quartiers-de-la-classe-moyenne-superieure-avec-degustations-et-culture-pour-les-5-sens\/\" title=\"Promenades en ville dans les quartiers de la classe moyenne sup\u00e9rieure avec d\u00e9gustations et culture pour les 5 sens\" class=\"cmsmasters_img_link preloader\"><img decoding=\"async\" width=\"580\" height=\"580\" src=\"https:\/\/zillinger4vienna.at\/wp-content\/uploads\/2021\/02\/aneta-pawlik-FqccnXTke28-unsplash-580x580.jpg\" class=\"full-width wp-post-image\" alt=\"Promenades en ville dans les quartiers de la classe moyenne sup\u00e9rieure avec d\u00e9gustations et culture pour les 5 sens\" title=\"Promenades en ville dans les quartiers de la classe moyenne sup\u00e9rieure avec d\u00e9gustations et culture pour les 5 sens\" srcset=\"https:\/\/zillinger4vienna.at\/wp-content\/uploads\/2021\/02\/aneta-pawlik-FqccnXTke28-unsplash-580x580.jpg 580w, https:\/\/zillinger4vienna.at\/wp-content\/uploads\/2021\/02\/aneta-pawlik-FqccnXTke28-unsplash-150x150.jpg 150w, https:\/\/zillinger4vienna.at\/wp-content\/uploads\/2021\/02\/aneta-pawlik-FqccnXTke28-unsplash-180x180.jpg 180w\" sizes=\"(max-width: 580px) 100vw, 580px\" \/><\/a><\/figure><\/div><div class=\"cmsmasters_post_cont_info first entry-meta\"><span class=\"cmsmasters_post_category\"><a href=\"https:\/\/zillinger4vienna.at\/de\/category\/vienne-dans-le-cycle-des-saisons\/\" class=\"cmsmasters_cat_color cmsmasters_cat_98\" rel=\"category tag\">Vienne dans le cycle des saisons<\/a><\/span><\/div><header class=\"cmsmasters_post_header entry-header\"><h4 class=\"cmsmasters_post_title entry-title\"><a href=\"https:\/\/zillinger4vienna.at\/de\/2020\/06\/21\/promenades-en-ville-dans-les-quartiers-de-la-classe-moyenne-superieure-avec-degustations-et-culture-pour-les-5-sens\/\">Promenades en ville dans les quartiers de la classe moyenne sup\u00e9rieure avec d\u00e9gustations et culture pour les 5 sens<\/a><\/h4><\/header><div class=\"cmsmasters_post_cont_info second entry-meta\"><span class=\"cmsmasters_post_date\"><abbr class=\"published\" title=\"21. Juni 2020\">21. Juni 2020<\/abbr><abbr class=\"dn date updated\" title=\"21. April 2021\">21. April 2021<\/abbr><\/span><\/div><div class=\"cmsmasters_post_cont_info third entry-meta\"><span class=\"cmsmasters_likes cmsmasters_post_likes\"><a href=\"#\" onclick=\"cmsmastersLike(17192, false); return false;\" id=\"cmsmastersLike-17192\" class=\"cmsmastersLike cmsmasters_theme_icon_like\"><span>3 <\/span><\/a><\/span><\/div><footer class=\"cmsmasters_post_footer entry-meta\"><a class=\"cmsmasters_post_read_more\" href=\"https:\/\/zillinger4vienna.at\/de\/2020\/06\/21\/promenades-en-ville-dans-les-quartiers-de-la-classe-moyenne-superieure-avec-degustations-et-culture-pour-les-5-sens\/\">continuer la lecture<\/a><\/footer>\t<\/div>\n<\/article>\n<!-- Finish Post Masonry Article -->\n\n<!-- Start Post Masonry Article -->\n<article id=\"post-17196\" class=\"cmsmasters_post_masonry post-17196 post type-post status-publish format-standard has-post-thumbnail hentry category-vienne-dans-le-cycle-des-saisons\" data-category=\"vienne-dans-le-cycle-des-saisons\">\n\t<div class=\"cmsmasters_post_cont\">\n\t\t<div class=\"cmsmasters_post_cont_img_wrap\"><figure class=\"cmsmasters_img_wrap\"><a href=\"https:\/\/zillinger4vienna.at\/de\/2020\/02\/16\/sur-les-traces-de-beethoven-a-vienne\/\" title=\"Sur les traces de Beethoven \u00e0 Vienne\" class=\"cmsmasters_img_link preloader\"><img decoding=\"async\" width=\"580\" height=\"580\" src=\"https:\/\/zillinger4vienna.at\/wp-content\/uploads\/2017\/10\/maria-lupan-yypDjlKgUN0-unsplash-580x580.jpg\" class=\"full-width wp-post-image\" alt=\"Sur les traces de Beethoven \u00e0 Vienne\" title=\"Sur les traces de Beethoven \u00e0 Vienne\" srcset=\"https:\/\/zillinger4vienna.at\/wp-content\/uploads\/2017\/10\/maria-lupan-yypDjlKgUN0-unsplash-580x580.jpg 580w, https:\/\/zillinger4vienna.at\/wp-content\/uploads\/2017\/10\/maria-lupan-yypDjlKgUN0-unsplash-150x150.jpg 150w, https:\/\/zillinger4vienna.at\/wp-content\/uploads\/2017\/10\/maria-lupan-yypDjlKgUN0-unsplash-180x180.jpg 180w\" sizes=\"(max-width: 580px) 100vw, 580px\" \/><\/a><\/figure><\/div><div class=\"cmsmasters_post_cont_info first entry-meta\"><span class=\"cmsmasters_post_category\"><a href=\"https:\/\/zillinger4vienna.at\/de\/category\/vienne-dans-le-cycle-des-saisons\/\" class=\"cmsmasters_cat_color cmsmasters_cat_98\" rel=\"category tag\">Vienne dans le cycle des saisons<\/a><\/span><\/div><header class=\"cmsmasters_post_header entry-header\"><h4 class=\"cmsmasters_post_title entry-title\"><a href=\"https:\/\/zillinger4vienna.at\/de\/2020\/02\/16\/sur-les-traces-de-beethoven-a-vienne\/\">Sur les traces de Beethoven \u00e0 Vienne<\/a><\/h4><\/header><div class=\"cmsmasters_post_cont_info second entry-meta\"><span class=\"cmsmasters_post_date\"><abbr class=\"published\" title=\"16. Februar 2020\">16. Februar 2020<\/abbr><abbr class=\"dn date updated\" title=\"21. April 2021\">21. April 2021<\/abbr><\/span><\/div><div class=\"cmsmasters_post_cont_info third entry-meta\"><span class=\"cmsmasters_likes cmsmasters_post_likes\"><a href=\"#\" onclick=\"cmsmastersLike(17196, false); return false;\" id=\"cmsmastersLike-17196\" class=\"cmsmastersLike cmsmasters_theme_icon_like\"><span>3 <\/span><\/a><\/span><\/div><footer class=\"cmsmasters_post_footer entry-meta\"><a class=\"cmsmasters_post_read_more\" href=\"https:\/\/zillinger4vienna.at\/de\/2020\/02\/16\/sur-les-traces-de-beethoven-a-vienne\/\">continuer la lecture<\/a><\/footer>\t<\/div>\n<\/article>\n<!-- Finish Post Masonry Article -->\n\n<\/div><div class=\"cmsmasters_wrap_more_posts cmsmasters_wrap_more_items\"><\/div><\/div>\n<\/div><\/div>\n<\/div>\n<\/div>\n<\/div>\n<\/div>\n<\/div>\n<div id=\"cmsmasters_row_78rp6nvtt2\" class=\"cmsmasters_row cmsmasters_color_scheme_default cmsmasters_row_top_default cmsmasters_row_bot_default cmsmasters_row_fullwidth\">\n<div class=\"cmsmasters_row_outer_parent\">\n<div class=\"cmsmasters_row_outer\">\n<div class=\"cmsmasters_row_inner cmsmasters_row_fullwidth\">\n<div class=\"cmsmasters_row_margin\">\n<div id=\"cmsmasters_column_fkbkw72xu6\" class=\"cmsmasters_column one_first\">\n<div class=\"cmsmasters_column_inner\"><div id=\"cmsmasters_heading_3827j3l816\" class=\"cmsmasters_heading_wrap cmsmasters_heading_align_center\">\n\t<h5 class=\"cmsmasters_heading\">Tarifs<\/h5>\n<\/div><div id=\"cmsmasters_heading_b2x20az69n\" class=\"cmsmasters_heading_wrap cmsmasters_heading_align_center\">\n\t<h2 class=\"cmsmasters_heading\">Visites th\u00e9matiques, demi-journ\u00e9e &amp; journ\u00e9e<\/h2>\n<\/div>\n<\/div><\/div>\n<\/div>\n<\/div>\n<\/div>\n<\/div>\n<\/div>\n<div id=\"cmsmasters_row_4cqru660wp\" class=\"cmsmasters_row cmsmasters_color_scheme_default cmsmasters_row_top_default cmsmasters_row_bot_default cmsmasters_row_boxed\">\n<div class=\"cmsmasters_row_outer_parent\">\n<div class=\"cmsmasters_row_outer\">\n<div class=\"cmsmasters_row_inner\">\n<div class=\"cmsmasters_row_margin\">\n<div id=\"cmsmasters_column_nrk18vy6pd\" class=\"cmsmasters_column one_first\">\n<div class=\"cmsmasters_column_inner\"><div class=\"cmsmasters_pricing_table pricing_three\">\n<div id=\"cmsmasters_pricing_item_jzcq5p09jl\" class=\"cmsmasters_pricing_item\">\n<div class=\"cmsmasters_pricing_item_inner\">\n<h3 class=\"pricing_title\">demi-journ\u00e9e<\/h3>\n<div class=\"cmsmasters_price_wrap\">\n<span class=\"cmsmasters_currency\">220 Eur<\/span>\n<span class=\"cmsmasters_price\">3 h<\/span>\n<br \/><span class=\"cmsmasters_period\">Visites th\u00e9matiques<\/span>\n<\/div>\n<ul class=\"feature_list\">\n<li>Sur la page \u00abVisites th\u00e9matiques actuelles\u00bb, vous trouverez mes dates actuelles et mes visites guid\u00e9es. Fixez avec moi une date de votre choix, en indiquant le point de rendez-vous et l\u2032heure. J\u2032ai h\u00e2te de vous rencontrer.<\/li>\n<\/ul>\n<a href=\"mailto:office@zillinger4vienna.at\" class=\"cmsmasters_button cmsmasters-icon-compass\"><span>CONTACTER<\/span><\/a>\n<\/div>\n<\/div>\n<div id=\"cmsmasters_pricing_item_e5jqcprj6\" class=\"cmsmasters_pricing_item\">\n<div class=\"cmsmasters_pricing_item_inner\">\n<h3 class=\"pricing_title\">demi-journ\u00e9e<\/h3>\n<div class=\"cmsmasters_price_wrap\">\n<span class=\"cmsmasters_currency\">220 Eur<\/span>\n<span class=\"cmsmasters_price\"> 3 h<\/span>\n<br \/><span class=\"cmsmasters_period\">Visites sp\u00e9ciales individuelles<\/span>\n<\/div>\n<ul class=\"feature_list\">\n<li>Sur demande, il serait pour moi un plaisir de vous proposer une visite individuelle de la ville adapt\u00e9e \u00e0 vos int\u00e9r\u00eats. J\u2032ai h\u00e2te de vous rencontrer.<\/li>\n<\/ul>\n<a href=\"mailto:office@zillinger4vienna.at\" class=\"cmsmasters_button cmsmasters-icon-compass\"><span>CONTACTER<\/span><\/a>\n<\/div>\n<\/div>\n<div id=\"cmsmasters_pricing_item_9jmx74hx4\" class=\"cmsmasters_pricing_item\">\n<div class=\"cmsmasters_pricing_item_inner\">\n<h3 class=\"pricing_title\">journ\u00e9e compl\u00e8te<\/h3>\n<div class=\"cmsmasters_price_wrap\">\n<span class=\"cmsmasters_currency\">440 Eur<\/span>\n<span class=\"cmsmasters_price\">7 h<\/span>\n<br \/><span class=\"cmsmasters_period\">Visites sp\u00e9ciales individuelles<\/span>\n<\/div>\n<ul class=\"feature_list\">\n<li>Sur demande, il serait pour moi un plaisir de vous proposer une visite individuelle de la ville adapt\u00e9e \u00e0 vos int\u00e9r\u00eats. J\u2032ai h\u00e2te de vous rencontrer.<\/li>\n<\/ul>\n<a href=\"mailto:office@zillinger4vienna.at\" class=\"cmsmasters_button cmsmasters-icon-compass\"><span>CONTACTER<\/span><\/a>\n<\/div>\n<\/div>\n<\/div>\n<div id=\"cmsmasters_divider_lnvu345fb\" class=\"cmsmasters_divider cmsmasters_divider_width_long cmsmasters_divider_pos_center\"><\/div>\n<div id=\"cmsmasters_heading_o86lsn4258\" class=\"cmsmasters_heading_wrap cmsmasters_heading_align_left\">\n\t<h4 class=\"cmsmasters_heading\">\u2015 R\u00c9SERVATION: Toutes les visites guid\u00e9es doivent \u00eatre r\u00e9serv\u00e9es, au moins 2 jours \u00e0 l\u2019avance. <\/h4>\n<\/div><div id=\"cmsmasters_heading_i0pz5ub3km\" class=\"cmsmasters_heading_wrap cmsmasters_heading_align_left\">\n\t<h4 class=\"cmsmasters_heading\">\u2015 ENTR\u00c9ES: Les entr\u00e9es aux mus\u00e9es ne sont pas inclues dans les honoraires des visites guid\u00e9es.<\/h4>\n<\/div><div id=\"cmsmasters_heading_9q9s4u7df\" class=\"cmsmasters_heading_wrap cmsmasters_heading_align_left\">\n\t<h4 class=\"cmsmasters_heading\">\u2015 CONTACTER! Si vous \u00eates int\u00e9ress\u00e9 \u00e0 une visite, n\u2019h\u00e9sitez pas \u00e0 me contacter. Je serais tr\u00e8s content d\u2019organiser une visite guid\u00e9e sp\u00e9ciale d\u2019apr\u00e8s vos souhaits.<\/h4>\n<\/div>\n<\/div><\/div>\n<\/div>\n<\/div>\n<\/div>\n<\/div>\n<\/div>\n<div id=\"cmsmasters_row_bz23n6kre\" class=\"cmsmasters_row cmsmasters_color_scheme_default cmsmasters_row_top_default cmsmasters_row_bot_default cmsmasters_row_boxed\" data-stellar-background-ratio=\"0.5\">\n<div class=\"cmsmasters_row_outer_parent\">\n<div class=\"cmsmasters_row_outer\">\n<div class=\"cmsmasters_row_inner\">\n<div class=\"cmsmasters_row_margin\">\n<div id=\"cmsmasters_column_7khum6ujpo\" class=\"cmsmasters_column one_first\">\n<div class=\"cmsmasters_column_inner\"><div id=\"cmsmasters_heading_o4q6lnpdg6\" class=\"cmsmasters_heading_wrap cmsmasters_heading_align_center\">\n\t<h5 class=\"cmsmasters_heading\">ACTUEL<\/h5>\n<\/div><div id=\"cmsmasters_heading_71aezxrbm\" class=\"cmsmasters_heading_wrap cmsmasters_heading_align_center\">\n\t<h2 class=\"cmsmasters_heading\">Visites th\u00e9matiques en 2026<\/h2>\n<\/div>\n<\/div><\/div>\n<\/div>\n<\/div>\n<\/div>\n<\/div>\n<\/div>\n<div id=\"cmsmasters_row_trgma2z25\" class=\"cmsmasters_row cmsmasters_color_scheme_default cmsmasters_row_top_default cmsmasters_row_bot_default cmsmasters_row_boxed\">\n<div class=\"cmsmasters_row_outer_parent\">\n<div class=\"cmsmasters_row_outer\">\n<div class=\"cmsmasters_row_inner\">\n<div class=\"cmsmasters_row_margin\">\n<div id=\"cmsmasters_column_awnem457w\" class=\"cmsmasters_column one_half\">\n<div class=\"cmsmasters_column_inner\"><div id=\"cmsmasters_notice_05niyah8gb\" class=\"cmsmasters_notice cmsmasters_notice_custom\">\n<div class=\"notice_content\">\n<h4>Printemps \u00e0 Vienne &#8211; le Rathauspark (Parc de l\u2019H\u00f4tel de Ville), ses monuments, son histoire<\/h4>\n<h6>Point de rencontre: entr\u00e9e du Burgtheater, Vienne 1, Universit\u00e4tsring 2<\/h6>\n<\/div>\n<\/div>\n<div id=\"cmsmasters_notice_d00npei3d8\" class=\"cmsmasters_notice cmsmasters_notice_custom\">\n<div class=\"notice_content\">\n<h4>&#8222;Les arbres fleurissent \u00e0 nouveau au Prater&#8220; &#8211; Parc d\u00b4attractions et exposition universelle 1873, Universit\u00e9 des Sciences \u00c9conomiques<\/h4>\n<h6>Point de rencontre: Vienne 2, Riesenradplatz 2, devant l&#8217;entr\u00e9e de la grande roue<\/h6>\n<\/div>\n<\/div>\n<div id=\"cmsmasters_notice_zycwv5q8ls\" class=\"cmsmasters_notice cmsmasters_notice_custom\">\n<div class=\"notice_content\">\n<h4>Les villas et leurs r\u00e9sidents dans le quartier des chalets &#8222;cottages&#8220; pr\u00e8s du parc T\u00fcrkenschanze<\/h4>\n<h6>Point de rencontre: Vienne 18, coin Gregor Mendel Str.\/Hasenauerstr., Arr\u00eat de bus 37A<\/h6>\n<\/div>\n<\/div>\n<div id=\"cmsmasters_notice_ec93huspu\" class=\"cmsmasters_notice cmsmasters_notice_custom\">\n<div class=\"notice_content\">\n<h4>Randonn\u00e9e au Quartier Landstra\u00dfe sur les traces de Wittgenstein, Beethoven et Musil<\/h4>\n<h6>Point de rencontre: Vienne 3, Am Heumarkt 1, devant la Monnaie autrichienne<\/h6>\n<\/div>\n<\/div>\n<div id=\"cmsmasters_notice_8fal19jsbs\" class=\"cmsmasters_notice cmsmasters_notice_custom\">\n<div class=\"notice_content\">\n<h4>P\u00e2ques \u00e0 Vienne &#8211; march\u00e9s, traditions et procession au Calvaire<\/h4>\n<h6>Point de rencontre: Office du tourisme, Vienne 1, Albertinaplatz<\/h6>\n<\/div>\n<\/div>\n<div id=\"cmsmasters_notice_prvxmsbrba\" class=\"cmsmasters_notice cmsmasters_notice_custom cmsmasters-icon-umbrella\">\n<div class=\"notice_content\">\n<p><span style=\"color: #df352a;\">Choisissez une visite th\u00e9matique et fixez le point de rendez-vous et l&#8217;heure avec moi.<\/span><br \/>\n<a href=\"mailto:office@zillinger4vienna.at\"><span style=\"color: #df352a;\">Pour me contacter!<\/span><\/a><\/p>\n<\/div>\n<\/div>\n<\/div><\/div>\n<div id=\"cmsmasters_column_c3msrqxblw\" class=\"cmsmasters_column one_half\">\n<div class=\"cmsmasters_column_inner\"><div id=\"cmsmasters_notice_mq2beg1ry\" class=\"cmsmasters_notice cmsmasters_notice_custom\">\n<div class=\"notice_content\">\n<h4>Le Pratercottage et ses villas &#8211; oasis de verdure, artistes, sports d&#8217;avant-garde<\/h4>\n<h6>Point de rencontre: Vienne 2, Riesenradplatz 2, devant l&#8217;entr\u00e9e de la grande roue<\/h6>\n<\/div>\n<\/div>\n<div id=\"cmsmasters_notice_yygxzi8688\" class=\"cmsmasters_notice cmsmasters_notice_custom\">\n<div class=\"notice_content\">\n<h4>Nouvelle zone de d\u00e9veloppement urbain dans le quartier de la Gare Centrale &#8222;Hauptbahnhof&#8220;: vivre au 21e si\u00e8cle<\/h4>\n<h6>Point de rencontre: Vienne 10, coin Wiedner G\u00fcrtel \/ Arsenalstra\u00dfe, arr\u00eat de tram D<\/h6>\n<\/div>\n<\/div>\n<div id=\"cmsmasters_notice_emgjhimvz9\" class=\"cmsmasters_notice cmsmasters_notice_custom\">\n<div class=\"notice_content\">\n<h4>Le Naschmarkt viennois &#8211; art culinaire et quartier urbain moderne<\/h4>\n<h6>Point de rencontre: Vienne 4, Friedrichstrasse, entr\u00e9e de la S\u00e9cession<\/h6>\n<\/div>\n<\/div>\n<div id=\"cmsmasters_notice_rj8upnegre\" class=\"cmsmasters_notice cmsmasters_notice_custom\">\n<div class=\"notice_content\">\n<h4>Sur les traces du deuxi\u00e8me si\u00e8ge turc en 1683: les bastions et les monuments<\/h4>\n<h6>Point de rencontre: Vienne 1, Office du tourisme, Vienne 1, Albertinaplatz<\/h6>\n<\/div>\n<\/div>\n<div id=\"cmsmasters_notice_xbsr1345e\" class=\"cmsmasters_notice cmsmasters_notice_custom\">\n<div class=\"notice_content\">\n<h4>Patrimoine culturel de Ringstrasse: les palais entre l&#8217;universit\u00e9 et le canal du Danube, leurs m\u00e9c\u00e8nes, leurs r\u00e9sidents, leurs architectes<\/h4>\n<h6>Point de rencontre: Vienne 1, Universit\u00e4tsring 1, entr\u00e9e de l&#8217;universit\u00e9<\/h6>\n<\/div>\n<\/div>\n<\/div><\/div>\n<\/div>\n<\/div>\n<\/div>\n<\/div>\n<\/div>\n<div id=\"cmsmasters_row_9yzxnbtdl\" class=\"cmsmasters_row cmsmasters_color_scheme_default cmsmasters_row_top_default cmsmasters_row_bot_default cmsmasters_row_boxed\">\n<div class=\"cmsmasters_row_outer_parent\">\n<div class=\"cmsmasters_row_outer\">\n<div class=\"cmsmasters_row_inner\">\n<div class=\"cmsmasters_row_margin\">\n<div id=\"cmsmasters_column_wtaj9pvuwo\" class=\"cmsmasters_column one_first\">\n<div class=\"cmsmasters_column_inner\"><div id=\"cmsmasters_heading_brh32odm5r\" class=\"cmsmasters_heading_wrap cmsmasters_heading_align_left\">\n\t<h2 class=\"cmsmasters_heading\">Impressions<\/h2>\n<\/div><div id=\"cmsmasters_gallery_z8f2c414k9\" class=\"cmsmasters_gallery_wrap\" data-type=\"masonry\" data-count=\"0\"><ul class=\"cmsmasters_gallery cmsmasters_4 cmsmasters_more_items_loader\"><li class=\"cmsmasters_gallery_item\"><figure><img decoding=\"async\" width=\"860\" height=\"575\" src=\"https:\/\/zillinger4vienna.at\/wp-content\/uploads\/2021\/02\/Buchen-e1612971222361-860x575.jpg\" class=\"attachment-post-thumbnail size-post-thumbnail\" alt=\"\" \/><\/figure><\/li><li class=\"cmsmasters_gallery_item\"><figure><img decoding=\"async\" width=\"860\" height=\"575\" src=\"https:\/\/zillinger4vienna.at\/wp-content\/uploads\/2021\/01\/impressionen22-860x575.jpg\" class=\"attachment-post-thumbnail size-post-thumbnail\" alt=\"\" srcset=\"https:\/\/zillinger4vienna.at\/wp-content\/uploads\/2021\/01\/impressionen22-860x575.jpg 860w, https:\/\/zillinger4vienna.at\/wp-content\/uploads\/2021\/01\/impressionen22-16x12.jpg 16w, https:\/\/zillinger4vienna.at\/wp-content\/uploads\/2021\/01\/impressionen22-1160x775.jpg 1160w\" sizes=\"(max-width: 860px) 100vw, 860px\" \/><\/figure><\/li><li class=\"cmsmasters_gallery_item\"><figure><img decoding=\"async\" width=\"860\" height=\"575\" src=\"https:\/\/zillinger4vienna.at\/wp-content\/uploads\/2021\/01\/impressionen-14-860x575.jpg\" class=\"attachment-post-thumbnail size-post-thumbnail\" alt=\"\" srcset=\"https:\/\/zillinger4vienna.at\/wp-content\/uploads\/2021\/01\/impressionen-14-860x575.jpg 860w, https:\/\/zillinger4vienna.at\/wp-content\/uploads\/2021\/01\/impressionen-14-16x10.jpg 16w\" sizes=\"(max-width: 860px) 100vw, 860px\" \/><\/figure><\/li><li class=\"cmsmasters_gallery_item\"><figure><img decoding=\"async\" width=\"860\" height=\"575\" src=\"https:\/\/zillinger4vienna.at\/wp-content\/uploads\/2020\/06\/Naschmarkt-860x575.jpg\" class=\"attachment-post-thumbnail size-post-thumbnail\" alt=\"\" \/><\/figure><\/li><\/ul><\/div>\n<\/div><\/div>\n<\/div>\n<\/div>\n<\/div>\n<\/div>\n<\/div>\n<div id=\"cmsmasters_row_dmmiwg2o1\" class=\"cmsmasters_row cmsmasters_color_scheme_default cmsmasters_row_top_default cmsmasters_row_bot_default cmsmasters_row_boxed\">\n<div class=\"cmsmasters_row_outer_parent\">\n<div class=\"cmsmasters_row_outer\">\n<div class=\"cmsmasters_row_inner\">\n<div class=\"cmsmasters_row_margin\">\n<div id=\"cmsmasters_column_0a1qm53ek9\" class=\"cmsmasters_column one_first\">\n<div class=\"cmsmasters_column_inner\"><div id=\"cmsmasters_heading_inbxfrkdi1\" class=\"cmsmasters_heading_wrap cmsmasters_heading_align_left\">\n\t<h5 class=\"cmsmasters_heading\">DEMANDES &amp; R\u00c9SERVATIONS<\/h5>\n<\/div><div id=\"cmsmasters_heading_srdgd774y\" class=\"cmsmasters_heading_wrap cmsmasters_heading_align_left\">\n\t<h1 class=\"cmsmasters_heading\">Salut! Comment puis-je vous aider?<\/h1>\n<\/div><div class=\"cmsmasters_text\">\n<p class=\"tw-data-text tw-text-large XcVN5d tw-ta\" data-placeholder=\"\u00dcbersetzung\"><span lang=\"fr\">Demandez-moi:<br \/>\n<\/span>Outre mes visites th\u00e9matiques, je vous pr\u00e9parerai \u00e9galement un programme de visites individuelles, en fonction de vos int\u00e9r\u00eats et de l\u2019occasion. Il peut s\u2019agir de visites d\u2019une demi-journ\u00e9e ou d\u2019une journ\u00e9e compl\u00e8te, \u00e0 Vienne et dans les environs.<br \/>\nJ\u2019attends votre demande avec impatience!<\/p>\n<\/div>\n<div id=\"cmsmasters_heading_dgx98xk2n\" class=\"cmsmasters_heading_wrap cmsmasters_heading_align_left\">\n\t<h3 class=\"cmsmasters_heading\">Contacter<\/h3>\n<\/div>\n<div id=\"cmsmasters_divider_bovpdyo5jo\" class=\"cmsmasters_divider cmsmasters_divider_width_long cmsmasters_divider_pos_center\"><\/div>\n<div class=\"cmsmasters_text\">\n<p style=\"text-align: left;\">Mag. Karl Zillinger<br \/>\nHistorien, guide touristique (certifi\u00e9) &amp;<br \/>\n(\u00e9ducateur en art) m\u00e9diateur culturel<\/p>\n<p style=\"text-align: left;\">Tel: <span role=\"link\" aria-label=\"+43 699 19225103 anrufen\">+43 699 19225103<\/span><br \/>\nMail: <a href=\"mailto:office@zillinger4vienna.at\"><span style=\"color: #000000;\">office@zillinger4vienna.at<\/span><\/a><\/p>\n<\/div>\n<\/div><\/div>\n<\/div>\n<\/div>\n<\/div>\n<\/div>\n<\/div>\n\n","protected":false},"excerpt":{"rendered":"","protected":false},"author":1,"featured_media":0,"parent":0,"menu_order":0,"comment_status":"closed","ping_status":"closed","template":"","meta":{"_EventAllDay":false,"_EventTimezone":"","_EventStartDate":"","_EventEndDate":"","_EventStartDateUTC":"","_EventEndDateUTC":"","_EventShowMap":false,"_EventShowMapLink":false,"_EventURL":"","_EventCost":"","_EventCostDescription":"","_EventCurrencySymbol":"","_EventCurrencyCode":"","_EventCurrencyPosition":"","_EventDateTimeSeparator":"","_EventTimeRangeSeparator":"","_EventOrganizerID":[],"_EventVenueID":0,"_OrganizerEmail":"","_OrganizerPhone":"","_OrganizerWebsite":"","_VenueAddress":"","_VenueCity":"","_VenueCountry":"","_VenueProvince":"","_VenueZip":"","_VenuePhone":"","_VenueURL":"","_VenueStateProvince":"","_VenueLat":"","_VenueLng":"","footnotes":""},"class_list":["post-17035","page","type-page","status-publish","hentry"],"yoast_head":"<!-- This site is optimized with the Yoast SEO plugin v25.0 - https:\/\/yoast.com\/wordpress\/plugins\/seo\/ -->\n<title>Guide de la ville de Vienne - Karl Zillinger (guide touristique &amp; historien)<\/title>\n<meta name=\"description\" content=\"En plus de mes visites th\u00e9matiques, je vous concocterai \u00e9galement un programme de visites individuelles, en fonction de vos int\u00e9r\u00eats et de l&#039;occasion.\" \/>\n<meta name=\"robots\" content=\"index, follow, max-snippet:-1, max-image-preview:large, max-video-preview:-1\" \/>\n<link rel=\"canonical\" href=\"https:\/\/zillinger4vienna.at\/de\/guide-de-la-ville-de-vienne-francais\/\" \/>\n<meta property=\"og:locale\" content=\"de_DE\" \/>\n<meta property=\"og:type\" content=\"article\" \/>\n<meta property=\"og:title\" content=\"Guide de la ville de Vienne - Karl Zillinger (guide touristique &amp; historien)\" \/>\n<meta property=\"og:description\" content=\"En plus de mes visites th\u00e9matiques, je vous concocterai \u00e9galement un programme de visites individuelles, en fonction de vos int\u00e9r\u00eats et de l&#039;occasion.\" \/>\n<meta property=\"og:url\" content=\"https:\/\/zillinger4vienna.at\/de\/guide-de-la-ville-de-vienne-francais\/\" \/>\n<meta property=\"og:site_name\" content=\"Zillinger4Vienna\" \/>\n<meta property=\"article:modified_time\" content=\"2026-01-22T20:46:00+00:00\" \/>\n<meta name=\"twitter:card\" content=\"summary_large_image\" \/>\n<meta name=\"twitter:label1\" content=\"Gesch\u00e4tzte Lesezeit\" \/>\n\t<meta name=\"twitter:data1\" content=\"11\u00a0Minuten\" \/>\n<script type=\"application\/ld+json\" class=\"yoast-schema-graph\">{\"@context\":\"https:\/\/schema.org\",\"@graph\":[{\"@type\":\"WebPage\",\"@id\":\"https:\/\/zillinger4vienna.at\/guide-de-la-ville-de-vienne-francais\/\",\"url\":\"https:\/\/zillinger4vienna.at\/guide-de-la-ville-de-vienne-francais\/\",\"name\":\"Guide de la ville de Vienne - Karl Zillinger (guide touristique & historien)\",\"isPartOf\":{\"@id\":\"https:\/\/zillinger4vienna.at\/de\/#website\"},\"datePublished\":\"2021-03-15T12:27:56+00:00\",\"dateModified\":\"2026-01-22T20:46:00+00:00\",\"description\":\"En plus de mes visites th\u00e9matiques, je vous concocterai \u00e9galement un programme de visites individuelles, en fonction de vos int\u00e9r\u00eats et de l'occasion.\",\"breadcrumb\":{\"@id\":\"https:\/\/zillinger4vienna.at\/guide-de-la-ville-de-vienne-francais\/#breadcrumb\"},\"inLanguage\":\"de\",\"potentialAction\":[{\"@type\":\"ReadAction\",\"target\":[\"https:\/\/zillinger4vienna.at\/guide-de-la-ville-de-vienne-francais\/\"]}]},{\"@type\":\"BreadcrumbList\",\"@id\":\"https:\/\/zillinger4vienna.at\/guide-de-la-ville-de-vienne-francais\/#breadcrumb\",\"itemListElement\":[{\"@type\":\"ListItem\",\"position\":1,\"name\":\"Startseite\",\"item\":\"https:\/\/zillinger4vienna.at\/\"},{\"@type\":\"ListItem\",\"position\":2,\"name\":\"Francais\"}]},{\"@type\":\"WebSite\",\"@id\":\"https:\/\/zillinger4vienna.at\/de\/#website\",\"url\":\"https:\/\/zillinger4vienna.at\/de\/\",\"name\":\"Zillinger4Vienna\",\"description\":\"Unvergessliche Stadtf\u00fchrungen in Wien\",\"potentialAction\":[{\"@type\":\"SearchAction\",\"target\":{\"@type\":\"EntryPoint\",\"urlTemplate\":\"https:\/\/zillinger4vienna.at\/de\/?s={search_term_string}\"},\"query-input\":{\"@type\":\"PropertyValueSpecification\",\"valueRequired\":true,\"valueName\":\"search_term_string\"}}],\"inLanguage\":\"de\"}]}<\/script>\n<!-- \/ Yoast SEO plugin. -->","yoast_head_json":{"title":"Guide de la ville de Vienne - Karl Zillinger (guide touristique & historien)","description":"En plus de mes visites th\u00e9matiques, je vous concocterai \u00e9galement un programme de visites individuelles, en fonction de vos int\u00e9r\u00eats et de l'occasion.","robots":{"index":"index","follow":"follow","max-snippet":"max-snippet:-1","max-image-preview":"max-image-preview:large","max-video-preview":"max-video-preview:-1"},"canonical":"https:\/\/zillinger4vienna.at\/de\/guide-de-la-ville-de-vienne-francais\/","og_locale":"de_DE","og_type":"article","og_title":"Guide de la ville de Vienne - Karl Zillinger (guide touristique & historien)","og_description":"En plus de mes visites th\u00e9matiques, je vous concocterai \u00e9galement un programme de visites individuelles, en fonction de vos int\u00e9r\u00eats et de l'occasion.","og_url":"https:\/\/zillinger4vienna.at\/de\/guide-de-la-ville-de-vienne-francais\/","og_site_name":"Zillinger4Vienna","article_modified_time":"2026-01-22T20:46:00+00:00","twitter_card":"summary_large_image","twitter_misc":{"Gesch\u00e4tzte Lesezeit":"11\u00a0Minuten"},"schema":{"@context":"https:\/\/schema.org","@graph":[{"@type":"WebPage","@id":"https:\/\/zillinger4vienna.at\/guide-de-la-ville-de-vienne-francais\/","url":"https:\/\/zillinger4vienna.at\/guide-de-la-ville-de-vienne-francais\/","name":"Guide de la ville de Vienne - Karl Zillinger (guide touristique & historien)","isPartOf":{"@id":"https:\/\/zillinger4vienna.at\/de\/#website"},"datePublished":"2021-03-15T12:27:56+00:00","dateModified":"2026-01-22T20:46:00+00:00","description":"En plus de mes visites th\u00e9matiques, je vous concocterai \u00e9galement un programme de visites individuelles, en fonction de vos int\u00e9r\u00eats et de l'occasion.","breadcrumb":{"@id":"https:\/\/zillinger4vienna.at\/guide-de-la-ville-de-vienne-francais\/#breadcrumb"},"inLanguage":"de","potentialAction":[{"@type":"ReadAction","target":["https:\/\/zillinger4vienna.at\/guide-de-la-ville-de-vienne-francais\/"]}]},{"@type":"BreadcrumbList","@id":"https:\/\/zillinger4vienna.at\/guide-de-la-ville-de-vienne-francais\/#breadcrumb","itemListElement":[{"@type":"ListItem","position":1,"name":"Startseite","item":"https:\/\/zillinger4vienna.at\/"},{"@type":"ListItem","position":2,"name":"Francais"}]},{"@type":"WebSite","@id":"https:\/\/zillinger4vienna.at\/de\/#website","url":"https:\/\/zillinger4vienna.at\/de\/","name":"Zillinger4Vienna","description":"Unvergessliche Stadtf\u00fchrungen in Wien","potentialAction":[{"@type":"SearchAction","target":{"@type":"EntryPoint","urlTemplate":"https:\/\/zillinger4vienna.at\/de\/?s={search_term_string}"},"query-input":{"@type":"PropertyValueSpecification","valueRequired":true,"valueName":"search_term_string"}}],"inLanguage":"de"}]}},"_links":{"self":[{"href":"https:\/\/zillinger4vienna.at\/de\/wp-json\/wp\/v2\/pages\/17035","targetHints":{"allow":["GET"]}}],"collection":[{"href":"https:\/\/zillinger4vienna.at\/de\/wp-json\/wp\/v2\/pages"}],"about":[{"href":"https:\/\/zillinger4vienna.at\/de\/wp-json\/wp\/v2\/types\/page"}],"author":[{"embeddable":true,"href":"https:\/\/zillinger4vienna.at\/de\/wp-json\/wp\/v2\/users\/1"}],"replies":[{"embeddable":true,"href":"https:\/\/zillinger4vienna.at\/de\/wp-json\/wp\/v2\/comments?post=17035"}],"version-history":[{"count":193,"href":"https:\/\/zillinger4vienna.at\/de\/wp-json\/wp\/v2\/pages\/17035\/revisions"}],"predecessor-version":[{"id":18426,"href":"https:\/\/zillinger4vienna.at\/de\/wp-json\/wp\/v2\/pages\/17035\/revisions\/18426"}],"wp:attachment":[{"href":"https:\/\/zillinger4vienna.at\/de\/wp-json\/wp\/v2\/media?parent=17035"}],"curies":[{"name":"wp","href":"https:\/\/api.w.org\/{rel}","templated":true}]}}