{"id":15950,"date":"2021-02-11T11:16:02","date_gmt":"2021-02-11T10:16:02","guid":{"rendered":"https:\/\/zillinger4vienna.at\/?page_id=15950"},"modified":"2021-02-23T15:01:11","modified_gmt":"2021-02-23T14:01:11","slug":"insights-und-news-aus-wien","status":"publish","type":"page","link":"https:\/\/zillinger4vienna.at\/de\/insights-und-news-aus-wien\/","title":{"rendered":"Insights und News aus Wien"},"content":{"rendered":"<div id=\"cmsmasters_row_51gzsqas4x\" class=\"cmsmasters_row cmsmasters_color_scheme_default cmsmasters_row_top_default cmsmasters_row_bot_default cmsmasters_row_fullwidth\">\n<div class=\"cmsmasters_row_outer_parent\">\n<div class=\"cmsmasters_row_outer\">\n<div class=\"cmsmasters_row_inner cmsmasters_row_fullwidth\">\n<div class=\"cmsmasters_row_margin\">\n<div id=\"cmsmasters_column_awu1rav2s\" class=\"cmsmasters_column one_first\">\n<div class=\"cmsmasters_column_inner\"><div id=\"blog_v11u6ge3fl\" class=\"cmsmasters_wrap_blog entry-summary\" data-layout=\"standard\" data-layout-mode=\"\" data-url=\"https:\/\/zillinger4vienna.at\/wp-content\/plugins\/cmsmasters-content-composer\/\" data-orderby=\"date\" data-order=\"DESC\" data-count=\"6\" data-categories=\"news\" data-metadata=\"date,categories,likes,more\" data-pagination=\"more\"><div class=\"blog standard\"><!-- Start Post Default Article -->\n<article id=\"post-18330\" class=\"cmsmasters_post_default post-18330 post type-post status-publish format-standard has-post-thumbnail hentry category-news\">\n\t<div class=\"cmsmasters_post_cont\">\n\t\t<figure class=\"cmsmasters_img_wrap\"><a href=\"https:\/\/zillinger4vienna.at\/de\/2025\/11\/16\/auf-den-spuren-der-astromonie-und-astrologie-in-wien\/\" title=\"Auf den Spuren der Astronomie und Astrologie in Wien\" class=\"cmsmasters_img_link\"><img decoding=\"async\" width=\"860\" height=\"507\" src=\"https:\/\/zillinger4vienna.at\/wp-content\/uploads\/2025\/11\/Karl-Zillinger-TV-astro-860x507.png\" class=\" wp-post-image\" alt=\"Auf den Spuren der Astronomie und Astrologie in Wien\" title=\"Auf den Spuren der Astronomie und Astrologie in Wien\" srcset=\"https:\/\/zillinger4vienna.at\/wp-content\/uploads\/2025\/11\/Karl-Zillinger-TV-astro-860x507.png 860w, https:\/\/zillinger4vienna.at\/wp-content\/uploads\/2025\/11\/Karl-Zillinger-TV-astro-18x10.png 18w\" sizes=\"(max-width: 860px) 100vw, 860px\" \/><\/a><\/figure><div class=\"cmsmasters_post_date_wrap entry-meta \"><span class=\"cmsmasters_post_date custom\"><abbr class=\"published\" title=\"16. November 2025\"><span class=\"cmsmasters_day\">16<\/span><span class=\"cmsmasters_mon\">November<\/span><span class=\"cmsmasters_year\">2025<\/span><\/abbr><abbr class=\"dn date updated\" title=\"13. Januar 2026\">13. Januar 2026<\/abbr><\/span><\/div><div class=\"cmsmasters_post_content_wrap\"><div class=\"cmsmasters_post_cont_info entry-meta\"><span class=\"cmsmasters_post_category\"><a href=\"https:\/\/zillinger4vienna.at\/de\/category\/news\/\" class=\"cmsmasters_cat_color cmsmasters_cat_7\" rel=\"category tag\">News<\/a><\/span><div class=\"cmsmasters_post_cont_info_meta\"><span class=\"cmsmasters_likes cmsmasters_post_likes\"><a href=\"#\" onclick=\"cmsmastersLike(18330, false); return false;\" id=\"cmsmastersLike-18330\" class=\"cmsmastersLike cmsmasters_theme_icon_like\"><span>1 <\/span><\/a><\/span><\/div><\/div><header class=\"cmsmasters_post_header entry-header\"><h2 class=\"cmsmasters_post_title entry-title\"><a href=\"https:\/\/zillinger4vienna.at\/de\/2025\/11\/16\/auf-den-spuren-der-astromonie-und-astrologie-in-wien\/\">Auf den Spuren der Astronomie und Astrologie in Wien<\/a><\/h2><\/header><div class=\"cmsmasters_post_content entry-content\">\n<p>Beitrag mit Mag. Zillinger bei einem Film auf ATV am 26. September 2025<\/p>\n<\/div>\n<footer class=\"cmsmasters_post_footer entry-meta\"><a class=\"cmsmasters_post_read_more\" href=\"https:\/\/zillinger4vienna.at\/de\/2025\/11\/16\/auf-den-spuren-der-astromonie-und-astrologie-in-wien\/\">Read More<\/a><\/footer><\/div>\t<\/div>\n<\/article>\n<!-- Finish Post Default Article -->\n\n<!-- Start Post Default Article -->\n<article id=\"post-18288\" class=\"cmsmasters_post_default post-18288 post type-post status-publish format-standard has-post-thumbnail hentry category-news\">\n\t<div class=\"cmsmasters_post_cont\">\n\t\t<figure class=\"cmsmasters_img_wrap\"><a href=\"https:\/\/zillinger4vienna.at\/de\/2025\/09\/23\/buchpraesentation-cheers-kiss-from-hilde\/\" title=\"Buchpr\u00e4sentation \u201eCheers! Kiss from Hilde\u201c\" class=\"cmsmasters_img_link\"><img decoding=\"async\" width=\"606\" height=\"575\" src=\"https:\/\/zillinger4vienna.at\/wp-content\/uploads\/2025\/09\/Screenshot-Cheers-Kiss-from-Hilde-v1-606x575.png\" class=\" wp-post-image\" alt=\"Buchpr\u00e4sentation \u201eCheers! Kiss from Hilde\u201c\" title=\"Buchpr\u00e4sentation \u201eCheers! Kiss from Hilde\u201c\" \/><\/a><\/figure><div class=\"cmsmasters_post_date_wrap entry-meta \"><span class=\"cmsmasters_post_date custom\"><abbr class=\"published\" title=\"23. September 2025\"><span class=\"cmsmasters_day\">23<\/span><span class=\"cmsmasters_mon\">September<\/span><span class=\"cmsmasters_year\">2025<\/span><\/abbr><abbr class=\"dn date updated\" title=\"23. September 2025\">23. September 2025<\/abbr><\/span><\/div><div class=\"cmsmasters_post_content_wrap\"><div class=\"cmsmasters_post_cont_info entry-meta\"><span class=\"cmsmasters_post_category\"><a href=\"https:\/\/zillinger4vienna.at\/de\/category\/news\/\" class=\"cmsmasters_cat_color cmsmasters_cat_7\" rel=\"category tag\">News<\/a><\/span><div class=\"cmsmasters_post_cont_info_meta\"><span class=\"cmsmasters_likes cmsmasters_post_likes\"><a href=\"#\" onclick=\"cmsmastersLike(18288, false); return false;\" id=\"cmsmastersLike-18288\" class=\"cmsmastersLike cmsmasters_theme_icon_like\"><span>2 <\/span><\/a><\/span><\/div><\/div><header class=\"cmsmasters_post_header entry-header\"><h2 class=\"cmsmasters_post_title entry-title\"><a href=\"https:\/\/zillinger4vienna.at\/de\/2025\/09\/23\/buchpraesentation-cheers-kiss-from-hilde\/\">Buchpr\u00e4sentation \u201eCheers! Kiss from Hilde\u201c<\/a><\/h2><\/header><div class=\"cmsmasters_post_content entry-content\">\n<p>Einladung zur Buchpr\u00e4sentation \u201eCheers! Kiss from Hilde\u201c, von Dr. Christina Natalacen (mit einem Text von Mag. Karl Zillinger) <\/p>\n<\/div>\n<footer class=\"cmsmasters_post_footer entry-meta\"><a class=\"cmsmasters_post_read_more\" href=\"https:\/\/zillinger4vienna.at\/de\/2025\/09\/23\/buchpraesentation-cheers-kiss-from-hilde\/\">Read More<\/a><\/footer><\/div>\t<\/div>\n<\/article>\n<!-- Finish Post Default Article -->\n\n<!-- Start Post Default Article -->\n<article id=\"post-18238\" class=\"cmsmasters_post_default post-18238 post type-post status-publish format-standard has-post-thumbnail hentry category-news\">\n\t<div class=\"cmsmasters_post_cont\">\n\t\t<figure class=\"cmsmasters_img_wrap\"><a href=\"https:\/\/zillinger4vienna.at\/de\/2025\/08\/26\/titel\/\" title=\"Mit einem Filmteam auf den Spuren der Tanz- und Balltradition in Wien\" class=\"cmsmasters_img_link\"><img decoding=\"async\" width=\"860\" height=\"575\" src=\"https:\/\/zillinger4vienna.at\/wp-content\/uploads\/2025\/08\/Ballfuehrung-Wien-Karl-Zillinger-3-860x575.png\" class=\" wp-post-image\" alt=\"Mit einem Filmteam auf den Spuren der Tanz- und Balltradition in Wien\" title=\"Mit einem Filmteam auf den Spuren der Tanz- und Balltradition in Wien\" \/><\/a><\/figure><div class=\"cmsmasters_post_date_wrap entry-meta \"><span class=\"cmsmasters_post_date custom\"><abbr class=\"published\" title=\"26. August 2025\"><span class=\"cmsmasters_day\">26<\/span><span class=\"cmsmasters_mon\">August<\/span><span class=\"cmsmasters_year\">2025<\/span><\/abbr><abbr class=\"dn date updated\" title=\"1. September 2025\">1. September 2025<\/abbr><\/span><\/div><div class=\"cmsmasters_post_content_wrap\"><div class=\"cmsmasters_post_cont_info entry-meta\"><span class=\"cmsmasters_post_category\"><a href=\"https:\/\/zillinger4vienna.at\/de\/category\/news\/\" class=\"cmsmasters_cat_color cmsmasters_cat_7\" rel=\"category tag\">News<\/a><\/span><div class=\"cmsmasters_post_cont_info_meta\"><span class=\"cmsmasters_likes cmsmasters_post_likes\"><a href=\"#\" onclick=\"cmsmastersLike(18238, false); return false;\" id=\"cmsmastersLike-18238\" class=\"cmsmastersLike cmsmasters_theme_icon_like\"><span>1 <\/span><\/a><\/span><\/div><\/div><header class=\"cmsmasters_post_header entry-header\"><h2 class=\"cmsmasters_post_title entry-title\"><a href=\"https:\/\/zillinger4vienna.at\/de\/2025\/08\/26\/titel\/\">Mit einem Filmteam auf den Spuren der Tanz- und Balltradition in Wien<\/a><\/h2><\/header><div class=\"cmsmasters_post_content entry-content\">\n<p>Von gro\u00dfem Interesse sind dabei die Gesellschaftst\u00e4nze, Maskenb\u00e4lle und Redouten, die bekanntesten Wiener T\u00e4nze, wie die Geschichte von der Entstehung des Wiener Walzers vor 200 Jahren.<\/p>\n<\/div>\n<footer class=\"cmsmasters_post_footer entry-meta\"><a class=\"cmsmasters_post_read_more\" href=\"https:\/\/zillinger4vienna.at\/de\/2025\/08\/26\/titel\/\">Read More<\/a><\/footer><\/div>\t<\/div>\n<\/article>\n<!-- Finish Post Default Article -->\n\n<!-- Start Post Default Article -->\n<article id=\"post-18134\" class=\"cmsmasters_post_default post-18134 post type-post status-publish format-standard has-post-thumbnail hentry category-news\">\n\t<div class=\"cmsmasters_post_cont\">\n\t\t<figure class=\"cmsmasters_img_wrap\"><a href=\"https:\/\/zillinger4vienna.at\/de\/2025\/01\/12\/weihnachten-in-der-monarchie-orf-sendung-in-erbe-oesterreich-auf-orf-3-mit-interviews-von-mag-karl-zillinger\/\" title=\"Weihnachten in der Monarchie \u00a0&#8211; \u00a0ORF- Sendung in Erbe \u00d6sterreich auf ORF 3 mit Interviews von Mag. Karl Zillinger\" class=\"cmsmasters_img_link\"><img decoding=\"async\" width=\"860\" height=\"575\" src=\"https:\/\/zillinger4vienna.at\/wp-content\/uploads\/2025\/01\/karl-zillinger-24-orf-860x575.jpg\" class=\" wp-post-image\" alt=\"Weihnachten in der Monarchie \u00a0&#8211; \u00a0ORF- Sendung in Erbe \u00d6sterreich auf ORF 3 mit Interviews von Mag. Karl Zillinger\" title=\"Weihnachten in der Monarchie \u00a0&#8211; \u00a0ORF- Sendung in Erbe \u00d6sterreich auf ORF 3 mit Interviews von Mag. Karl Zillinger\" srcset=\"https:\/\/zillinger4vienna.at\/wp-content\/uploads\/2025\/01\/karl-zillinger-24-orf-860x575.jpg 860w, https:\/\/zillinger4vienna.at\/wp-content\/uploads\/2025\/01\/karl-zillinger-24-orf-1160x775.jpg 1160w\" sizes=\"(max-width: 860px) 100vw, 860px\" \/><\/a><\/figure><div class=\"cmsmasters_post_date_wrap entry-meta \"><span class=\"cmsmasters_post_date custom\"><abbr class=\"published\" title=\"12. Januar 2025\"><span class=\"cmsmasters_day\">12<\/span><span class=\"cmsmasters_mon\">Januar<\/span><span class=\"cmsmasters_year\">2025<\/span><\/abbr><abbr class=\"dn date updated\" title=\"12. Januar 2025\">12. Januar 2025<\/abbr><\/span><\/div><div class=\"cmsmasters_post_content_wrap\"><div class=\"cmsmasters_post_cont_info entry-meta\"><span class=\"cmsmasters_post_category\"><a href=\"https:\/\/zillinger4vienna.at\/de\/category\/news\/\" class=\"cmsmasters_cat_color cmsmasters_cat_7\" rel=\"category tag\">News<\/a><\/span><div class=\"cmsmasters_post_cont_info_meta\"><span class=\"cmsmasters_likes cmsmasters_post_likes\"><a href=\"#\" onclick=\"cmsmastersLike(18134, false); return false;\" id=\"cmsmastersLike-18134\" class=\"cmsmastersLike cmsmasters_theme_icon_like\"><span>2 <\/span><\/a><\/span><\/div><\/div><header class=\"cmsmasters_post_header entry-header\"><h2 class=\"cmsmasters_post_title entry-title\"><a href=\"https:\/\/zillinger4vienna.at\/de\/2025\/01\/12\/weihnachten-in-der-monarchie-orf-sendung-in-erbe-oesterreich-auf-orf-3-mit-interviews-von-mag-karl-zillinger\/\">Weihnachten in der Monarchie \u00a0&#8211; \u00a0ORF- Sendung in Erbe \u00d6sterreich auf ORF 3 mit Interviews von Mag. Karl Zillinger<\/a><\/h2><\/header><div class=\"cmsmasters_post_content entry-content\">\n<p>In der TV-Dokureihe &#8222;Erbe \u00d6sterreich&#8220; am 17.12.2024 ging es um die Sozial- und Kulturgeschichte von Weihnachten in der Monarchie. Neben den Feiern des Adels und des gehobenen B\u00fcrgertums zeigt die Sendung auch wie im 19. Jahrhundert&nbsp; Arbeiterfamilien und Familien in den Vororten von Wien die Feiertage verbrachten. Oft gab es keine Geschenke, man war froh, wenn es eine warme Mahlzeit gab.&nbsp; Wohlt\u00e4tigkeitsvereine organisierten ein gemeinsames Fest, sie sammelten f\u00fcr Kinder, damit es bei einem gemeinsamen Weihnachtsfest im Vorort Spittelberg Kleider und S\u00fc\u00dfigkeiten f\u00fcr die Kinder im Winter gab. &nbsp;Auch Kaiser Josef II wollte im Vorort Spittelberg vor den Toren Wiens...<\/p>\n<\/div>\n<footer class=\"cmsmasters_post_footer entry-meta\"><a class=\"cmsmasters_post_read_more\" href=\"https:\/\/zillinger4vienna.at\/de\/2025\/01\/12\/weihnachten-in-der-monarchie-orf-sendung-in-erbe-oesterreich-auf-orf-3-mit-interviews-von-mag-karl-zillinger\/\">Read More<\/a><\/footer><\/div>\t<\/div>\n<\/article>\n<!-- Finish Post Default Article -->\n\n<!-- Start Post Default Article -->\n<article id=\"post-18031\" class=\"cmsmasters_post_default post-18031 post type-post status-publish format-standard has-post-thumbnail hentry category-news\">\n\t<div class=\"cmsmasters_post_cont\">\n\t\t<figure class=\"cmsmasters_img_wrap\"><a href=\"https:\/\/zillinger4vienna.at\/de\/2024\/05\/28\/fuehrung-zu-napoleon-seine-beziehungen-zu-frauen-und-die-soziale-stellung-von-dienstmaedchen-vor-200-jahren-in-wien-unterstuetzung-bei-einem-buchprojekt\/\" title=\"F\u00fchrung zu Napoleon, seine Beziehungen zu Frauen und die soziale Stellung von Dienstm\u00e4dchen vor 200 Jahren in Wien \u00a0&#8211; \u00a0Unterst\u00fctzung bei einem Buchprojekt\" class=\"cmsmasters_img_link\"><img decoding=\"async\" width=\"506\" height=\"575\" src=\"https:\/\/zillinger4vienna.at\/wp-content\/uploads\/2024\/05\/Screenshot-Karl-506x575.png\" class=\" wp-post-image\" alt=\"F\u00fchrung zu Napoleon, seine Beziehungen zu Frauen und die soziale Stellung von Dienstm\u00e4dchen vor 200 Jahren in Wien \u00a0&#8211; \u00a0Unterst\u00fctzung bei einem Buchprojekt\" title=\"F\u00fchrung zu Napoleon, seine Beziehungen zu Frauen und die soziale Stellung von Dienstm\u00e4dchen vor 200 Jahren in Wien \u00a0&#8211; \u00a0Unterst\u00fctzung bei einem Buchprojekt\" \/><\/a><\/figure><div class=\"cmsmasters_post_date_wrap entry-meta \"><span class=\"cmsmasters_post_date custom\"><abbr class=\"published\" title=\"28. Mai 2024\"><span class=\"cmsmasters_day\">28<\/span><span class=\"cmsmasters_mon\">Mai<\/span><span class=\"cmsmasters_year\">2024<\/span><\/abbr><abbr class=\"dn date updated\" title=\"7. Juni 2024\">7. Juni 2024<\/abbr><\/span><\/div><div class=\"cmsmasters_post_content_wrap\"><div class=\"cmsmasters_post_cont_info entry-meta\"><span class=\"cmsmasters_post_category\"><a href=\"https:\/\/zillinger4vienna.at\/de\/category\/news\/\" class=\"cmsmasters_cat_color cmsmasters_cat_7\" rel=\"category tag\">News<\/a><\/span><div class=\"cmsmasters_post_cont_info_meta\"><span class=\"cmsmasters_likes cmsmasters_post_likes\"><a href=\"#\" onclick=\"cmsmastersLike(18031, false); return false;\" id=\"cmsmastersLike-18031\" class=\"cmsmastersLike cmsmasters_theme_icon_like\"><span>3 <\/span><\/a><\/span><\/div><\/div><header class=\"cmsmasters_post_header entry-header\"><h2 class=\"cmsmasters_post_title entry-title\"><a href=\"https:\/\/zillinger4vienna.at\/de\/2024\/05\/28\/fuehrung-zu-napoleon-seine-beziehungen-zu-frauen-und-die-soziale-stellung-von-dienstmaedchen-vor-200-jahren-in-wien-unterstuetzung-bei-einem-buchprojekt\/\">F\u00fchrung zu Napoleon, seine Beziehungen zu Frauen und die soziale Stellung von Dienstm\u00e4dchen vor 200 Jahren in Wien \u00a0&#8211; \u00a0Unterst\u00fctzung bei einem Buchprojekt<\/a><\/h2><\/header><div class=\"cmsmasters_post_content entry-content\">\n<p>Gerne unterst\u00fctze ich auch Sie bei ihren historischen Recherchen f\u00fcr einen neuen Roman. <\/p>\n<\/div>\n<footer class=\"cmsmasters_post_footer entry-meta\"><a class=\"cmsmasters_post_read_more\" href=\"https:\/\/zillinger4vienna.at\/de\/2024\/05\/28\/fuehrung-zu-napoleon-seine-beziehungen-zu-frauen-und-die-soziale-stellung-von-dienstmaedchen-vor-200-jahren-in-wien-unterstuetzung-bei-einem-buchprojekt\/\">Weiterlesen<\/a><\/footer><\/div>\t<\/div>\n<\/article>\n<!-- Finish Post Default Article -->\n\n<!-- Start Post Default Article -->\n<article id=\"post-17859\" class=\"cmsmasters_post_default post-17859 post type-post status-publish format-standard has-post-thumbnail hentry category-news\">\n\t<div class=\"cmsmasters_post_cont\">\n\t\t<figure class=\"cmsmasters_img_wrap\"><a href=\"https:\/\/zillinger4vienna.at\/de\/2023\/01\/09\/weihnachten-in-wien-%e2%94%80-weihnachtsmaerkte-kulinarische-spezialitaeten-krampus-und-krippenschau\/\" title=\"Weihnachten in Wien \u2500  Weihnachtsm\u00e4rkte, kulinarische Spezialit\u00e4ten, Krampus und Krippenschau\" class=\"cmsmasters_img_link\"><img decoding=\"async\" width=\"860\" height=\"575\" src=\"https:\/\/zillinger4vienna.at\/wp-content\/uploads\/2023\/01\/Wiener-Weihnacht-Karl-Zillinger-1-860x575.jpg\" class=\" wp-post-image\" alt=\"Weihnachten in Wien \u2500  Weihnachtsm\u00e4rkte, kulinarische Spezialit\u00e4ten, Krampus und Krippenschau\" title=\"Weihnachten in Wien \u2500  Weihnachtsm\u00e4rkte, kulinarische Spezialit\u00e4ten, Krampus und Krippenschau\" srcset=\"https:\/\/zillinger4vienna.at\/wp-content\/uploads\/2023\/01\/Wiener-Weihnacht-Karl-Zillinger-1-860x575.jpg 860w, https:\/\/zillinger4vienna.at\/wp-content\/uploads\/2023\/01\/Wiener-Weihnacht-Karl-Zillinger-1-16x12.jpg 16w, https:\/\/zillinger4vienna.at\/wp-content\/uploads\/2023\/01\/Wiener-Weihnacht-Karl-Zillinger-1-1160x775.jpg 1160w\" sizes=\"(max-width: 860px) 100vw, 860px\" \/><\/a><\/figure><div class=\"cmsmasters_post_date_wrap entry-meta \"><span class=\"cmsmasters_post_date custom\"><abbr class=\"published\" title=\"9. Januar 2023\"><span class=\"cmsmasters_day\">09<\/span><span class=\"cmsmasters_mon\">Januar<\/span><span class=\"cmsmasters_year\">2023<\/span><\/abbr><abbr class=\"dn date updated\" title=\"9. Januar 2023\">9. Januar 2023<\/abbr><\/span><\/div><div class=\"cmsmasters_post_content_wrap\"><div class=\"cmsmasters_post_cont_info entry-meta\"><span class=\"cmsmasters_post_category\"><a href=\"https:\/\/zillinger4vienna.at\/de\/category\/news\/\" class=\"cmsmasters_cat_color cmsmasters_cat_7\" rel=\"category tag\">News<\/a><\/span><div class=\"cmsmasters_post_cont_info_meta\"><span class=\"cmsmasters_likes cmsmasters_post_likes\"><a href=\"#\" onclick=\"cmsmastersLike(17859, false); return false;\" id=\"cmsmastersLike-17859\" class=\"cmsmastersLike cmsmasters_theme_icon_like\"><span>4 <\/span><\/a><\/span><\/div><\/div><header class=\"cmsmasters_post_header entry-header\"><h2 class=\"cmsmasters_post_title entry-title\"><a href=\"https:\/\/zillinger4vienna.at\/de\/2023\/01\/09\/weihnachten-in-wien-%e2%94%80-weihnachtsmaerkte-kulinarische-spezialitaeten-krampus-und-krippenschau\/\">Weihnachten in Wien \u2500  Weihnachtsm\u00e4rkte, kulinarische Spezialit\u00e4ten, Krampus und Krippenschau<\/a><\/h2><\/header><div class=\"cmsmasters_post_content entry-content\">\n<p>Bei meiner j\u00e4hrlich stattfindenden Weihnachtsf\u00fchrung erf\u00e4hrt man Antworten auf viele Fragen rund um das Weihnachtsfest und sein Brauchtum, wie zum Beispiel: Wo stand der erste Weihnachtsbaum in Wien?, Warum gibt es in Wien einen Perchtenlauf?, Wo sieht man schon zur Adventzeit die sch\u00f6nsten Krippen?, Welche Geschenke gab es zur Zeit des Biedermeier f\u00fcr Kinder, und heute?, Und wo gibt es den besten Punsch, die beste Weihnachtsb\u00e4ckerei, uvm.? Festtage, Rezepte, Spielsachen, Legenden und Heiligengeschichten pr\u00e4gen seit dem Biedermeier das Weihnachtsfest. Vor 200 Jahren entstanden Gewohnheiten und Gebr\u00e4uche, die bis heute fortwirken. Dabei spielte auch das Kaiserhaus, einige adelige Familien und das...<\/p>\n<\/div>\n<footer class=\"cmsmasters_post_footer entry-meta\"><a class=\"cmsmasters_post_read_more\" href=\"https:\/\/zillinger4vienna.at\/de\/2023\/01\/09\/weihnachten-in-wien-%e2%94%80-weihnachtsmaerkte-kulinarische-spezialitaeten-krampus-und-krippenschau\/\">Weiterlesen<\/a><\/footer><\/div>\t<\/div>\n<\/article>\n<!-- Finish Post Default Article -->\n\n<\/div><div class=\"cmsmasters_wrap_more_posts cmsmasters_wrap_more_items\"><div class=\"cmsmasters_wrap_post_loader cmsmasters_wrap_items_loader\">\r\n\t\t\t\t\t<a href=\"javascript:void(0)\" class=\"cmsmasters_button cmsmasters_post_loader cmsmasters_items_loader\">\r\n\t\t\t\t\t\t<span>Weitere Beitr\u00e4ge laden<\/span>\r\n\t\t\t\t\t<\/a>\r\n\t\t\t\t<\/div><\/div><\/div>\n<\/div><\/div>\n<\/div>\n<\/div>\n<\/div>\n<\/div>\n<\/div>\n\n","protected":false},"excerpt":{"rendered":"","protected":false},"author":1,"featured_media":0,"parent":0,"menu_order":0,"comment_status":"closed","ping_status":"closed","template":"","meta":{"_EventAllDay":false,"_EventTimezone":"","_EventStartDate":"","_EventEndDate":"","_EventStartDateUTC":"","_EventEndDateUTC":"","_EventShowMap":false,"_EventShowMapLink":false,"_EventURL":"","_EventCost":"","_EventCostDescription":"","_EventCurrencySymbol":"","_EventCurrencyCode":"","_EventCurrencyPosition":"","_EventDateTimeSeparator":"","_EventTimeRangeSeparator":"","_EventOrganizerID":[],"_EventVenueID":0,"_OrganizerEmail":"","_OrganizerPhone":"","_OrganizerWebsite":"","_VenueAddress":"","_VenueCity":"","_VenueCountry":"","_VenueProvince":"","_VenueZip":"","_VenuePhone":"","_VenueURL":"","_VenueStateProvince":"","_VenueLat":"","_VenueLng":"","footnotes":""},"class_list":["post-15950","page","type-page","status-publish","hentry"],"yoast_head":"<!-- This site is optimized with the Yoast SEO plugin v25.0 - https:\/\/yoast.com\/wordpress\/plugins\/seo\/ -->\n<title>Insights und News aus Wien - Zillinger4Vienna<\/title>\n<meta name=\"description\" content=\"Meine Stadtf\u00fchrungen kn\u00fcpfen an das aktuelle Geschehen in und rund um Wien an. Sprechen Sie mich an, auf einer meiner n\u00e4chsten Touren.\" \/>\n<meta name=\"robots\" content=\"index, follow, max-snippet:-1, max-image-preview:large, max-video-preview:-1\" \/>\n<link rel=\"canonical\" href=\"https:\/\/zillinger4vienna.at\/de\/insights-und-news-aus-wien\/\" \/>\n<meta property=\"og:locale\" content=\"de_DE\" \/>\n<meta property=\"og:type\" content=\"article\" \/>\n<meta property=\"og:title\" content=\"Insights und News aus Wien - Zillinger4Vienna\" \/>\n<meta property=\"og:description\" content=\"Meine Stadtf\u00fchrungen kn\u00fcpfen an das aktuelle Geschehen in und rund um Wien an. Sprechen Sie mich an, auf einer meiner n\u00e4chsten Touren.\" \/>\n<meta property=\"og:url\" content=\"https:\/\/zillinger4vienna.at\/de\/insights-und-news-aus-wien\/\" \/>\n<meta property=\"og:site_name\" content=\"Zillinger4Vienna\" \/>\n<meta property=\"article:modified_time\" content=\"2021-02-23T14:01:11+00:00\" \/>\n<meta name=\"twitter:card\" content=\"summary_large_image\" \/>\n<meta name=\"twitter:label1\" content=\"Gesch\u00e4tzte Lesezeit\" \/>\n\t<meta name=\"twitter:data1\" content=\"1\u00a0Minute\" \/>\n<script type=\"application\/ld+json\" class=\"yoast-schema-graph\">{\"@context\":\"https:\/\/schema.org\",\"@graph\":[{\"@type\":\"WebPage\",\"@id\":\"https:\/\/zillinger4vienna.at\/insights-und-news-aus-wien\/\",\"url\":\"https:\/\/zillinger4vienna.at\/insights-und-news-aus-wien\/\",\"name\":\"Insights und News aus Wien - Zillinger4Vienna\",\"isPartOf\":{\"@id\":\"https:\/\/zillinger4vienna.at\/de\/#website\"},\"datePublished\":\"2021-02-11T10:16:02+00:00\",\"dateModified\":\"2021-02-23T14:01:11+00:00\",\"description\":\"Meine Stadtf\u00fchrungen kn\u00fcpfen an das aktuelle Geschehen in und rund um Wien an. Sprechen Sie mich an, auf einer meiner n\u00e4chsten Touren.\",\"breadcrumb\":{\"@id\":\"https:\/\/zillinger4vienna.at\/insights-und-news-aus-wien\/#breadcrumb\"},\"inLanguage\":\"de\",\"potentialAction\":[{\"@type\":\"ReadAction\",\"target\":[\"https:\/\/zillinger4vienna.at\/insights-und-news-aus-wien\/\"]}]},{\"@type\":\"BreadcrumbList\",\"@id\":\"https:\/\/zillinger4vienna.at\/insights-und-news-aus-wien\/#breadcrumb\",\"itemListElement\":[{\"@type\":\"ListItem\",\"position\":1,\"name\":\"Startseite\",\"item\":\"https:\/\/zillinger4vienna.at\/\"},{\"@type\":\"ListItem\",\"position\":2,\"name\":\"Insights und News aus Wien\"}]},{\"@type\":\"WebSite\",\"@id\":\"https:\/\/zillinger4vienna.at\/de\/#website\",\"url\":\"https:\/\/zillinger4vienna.at\/de\/\",\"name\":\"Zillinger4Vienna\",\"description\":\"Unvergessliche Stadtf\u00fchrungen in Wien\",\"potentialAction\":[{\"@type\":\"SearchAction\",\"target\":{\"@type\":\"EntryPoint\",\"urlTemplate\":\"https:\/\/zillinger4vienna.at\/de\/?s={search_term_string}\"},\"query-input\":{\"@type\":\"PropertyValueSpecification\",\"valueRequired\":true,\"valueName\":\"search_term_string\"}}],\"inLanguage\":\"de\"}]}<\/script>\n<!-- \/ Yoast SEO plugin. -->","yoast_head_json":{"title":"Insights und News aus Wien - Zillinger4Vienna","description":"Meine Stadtf\u00fchrungen kn\u00fcpfen an das aktuelle Geschehen in und rund um Wien an. Sprechen Sie mich an, auf einer meiner n\u00e4chsten Touren.","robots":{"index":"index","follow":"follow","max-snippet":"max-snippet:-1","max-image-preview":"max-image-preview:large","max-video-preview":"max-video-preview:-1"},"canonical":"https:\/\/zillinger4vienna.at\/de\/insights-und-news-aus-wien\/","og_locale":"de_DE","og_type":"article","og_title":"Insights und News aus Wien - Zillinger4Vienna","og_description":"Meine Stadtf\u00fchrungen kn\u00fcpfen an das aktuelle Geschehen in und rund um Wien an. Sprechen Sie mich an, auf einer meiner n\u00e4chsten Touren.","og_url":"https:\/\/zillinger4vienna.at\/de\/insights-und-news-aus-wien\/","og_site_name":"Zillinger4Vienna","article_modified_time":"2021-02-23T14:01:11+00:00","twitter_card":"summary_large_image","twitter_misc":{"Gesch\u00e4tzte Lesezeit":"1\u00a0Minute"},"schema":{"@context":"https:\/\/schema.org","@graph":[{"@type":"WebPage","@id":"https:\/\/zillinger4vienna.at\/insights-und-news-aus-wien\/","url":"https:\/\/zillinger4vienna.at\/insights-und-news-aus-wien\/","name":"Insights und News aus Wien - Zillinger4Vienna","isPartOf":{"@id":"https:\/\/zillinger4vienna.at\/de\/#website"},"datePublished":"2021-02-11T10:16:02+00:00","dateModified":"2021-02-23T14:01:11+00:00","description":"Meine Stadtf\u00fchrungen kn\u00fcpfen an das aktuelle Geschehen in und rund um Wien an. Sprechen Sie mich an, auf einer meiner n\u00e4chsten Touren.","breadcrumb":{"@id":"https:\/\/zillinger4vienna.at\/insights-und-news-aus-wien\/#breadcrumb"},"inLanguage":"de","potentialAction":[{"@type":"ReadAction","target":["https:\/\/zillinger4vienna.at\/insights-und-news-aus-wien\/"]}]},{"@type":"BreadcrumbList","@id":"https:\/\/zillinger4vienna.at\/insights-und-news-aus-wien\/#breadcrumb","itemListElement":[{"@type":"ListItem","position":1,"name":"Startseite","item":"https:\/\/zillinger4vienna.at\/"},{"@type":"ListItem","position":2,"name":"Insights und News aus Wien"}]},{"@type":"WebSite","@id":"https:\/\/zillinger4vienna.at\/de\/#website","url":"https:\/\/zillinger4vienna.at\/de\/","name":"Zillinger4Vienna","description":"Unvergessliche Stadtf\u00fchrungen in Wien","potentialAction":[{"@type":"SearchAction","target":{"@type":"EntryPoint","urlTemplate":"https:\/\/zillinger4vienna.at\/de\/?s={search_term_string}"},"query-input":{"@type":"PropertyValueSpecification","valueRequired":true,"valueName":"search_term_string"}}],"inLanguage":"de"}]}},"_links":{"self":[{"href":"https:\/\/zillinger4vienna.at\/de\/wp-json\/wp\/v2\/pages\/15950","targetHints":{"allow":["GET"]}}],"collection":[{"href":"https:\/\/zillinger4vienna.at\/de\/wp-json\/wp\/v2\/pages"}],"about":[{"href":"https:\/\/zillinger4vienna.at\/de\/wp-json\/wp\/v2\/types\/page"}],"author":[{"embeddable":true,"href":"https:\/\/zillinger4vienna.at\/de\/wp-json\/wp\/v2\/users\/1"}],"replies":[{"embeddable":true,"href":"https:\/\/zillinger4vienna.at\/de\/wp-json\/wp\/v2\/comments?post=15950"}],"version-history":[{"count":9,"href":"https:\/\/zillinger4vienna.at\/de\/wp-json\/wp\/v2\/pages\/15950\/revisions"}],"predecessor-version":[{"id":16551,"href":"https:\/\/zillinger4vienna.at\/de\/wp-json\/wp\/v2\/pages\/15950\/revisions\/16551"}],"wp:attachment":[{"href":"https:\/\/zillinger4vienna.at\/de\/wp-json\/wp\/v2\/media?parent=15950"}],"curies":[{"name":"wp","href":"https:\/\/api.w.org\/{rel}","templated":true}]}}